{"id":1136645,"date":"2026-04-27T13:36:21","date_gmt":"2026-04-27T11:36:21","guid":{"rendered":"https:\/\/wein-werte.com\/product\/lesuffleur-la-folletiere-2019-750ml\/"},"modified":"2026-04-27T12:07:20","modified_gmt":"2026-04-27T10:07:20","slug":"lesuffleur-la-folletiere-2019-750ml","status":"publish","type":"product","link":"https:\/\/wein-werte.com\/de\/produkt\/lesuffleur-la-folletiere-2019-750ml\/","title":{"rendered":"Lesuffleur | Normandie | La Folleti\u00e8re | 2019 | 750ml"},"content":{"rendered":"<p>Produktbeschreibung f\u00fcr Lesuffleur La Folleti\u00e8re 2019 <\/p>\n<p>\u00a0 <\/p>\n<h5>Informationen zum Wein<\/h5>\n<p><i>La Folleti\u00e8re<\/i> ist ein Cidre aus Lesuffleurs Heimatgemeinde La Folleti\u00e8re-Abenon mit einem Oberboden aus Silt und braunem Silex, einem Unterboden aus Ton und Feuerstein sowie einem Grundgestein aus Kreide. Verwendet wurden 15 Apfelsorten von 25 % s\u00e4urereichen \u00c4pfeln der Sorten Rambeau, Ren\u00e9 Martin und weiteren 50 % bitters\u00fc\u00dfen \u00c4pfeln der Sorten Bedan, Binet Rouge und anderen sowie 25 % bitter-tanninreichen Sorten wie Mettais und Fr\u00e8quin. Sie stammen aus der La-Folleti\u00e8re-Plantage, die Benoits Vater 1996 in einer Dichte von 700 Halbst\u00e4mmen pro Hektar angelegt hat. Der Restzucker betr\u00e4gt rund 40 Gramm. Der Cidre wurde nach <i>M<\/i><i>\u00e9thode traditionelle<\/i> ausgebaut. Die \u00c4pfel wurde per Hand gesammelt und sortiert, der Saft spontan vergoren. Die Flaschenf\u00fcllung erfolgte am 10. M\u00e4rz 2020, degorgiert wurde am 9. September 2023.<\/p>\n<p>\u00a0<\/p>\n<h5>Farbe<\/h5>\n<p>leuchtendes, tiefes, Richtung Bernstein tendierendes Orange mit lebendigem Mousseux<\/p>\n<p>\u00a0<\/p>\n<h5>Nase<\/h5>\n<p><i>La Folleti\u00e8re<\/i> ist ein intensiv duftender Apfel-Schaumwein, der verschiedene Apfeltypen sehr gut miteinander verbindet. Er zeigt in diesem Jahr mehr herbe Noten als s\u00fc\u00dfe. Es duftet zun\u00e4chst einmal nach Most\u00e4pfeln samt Schalen, dann nach Rooibos, Hefe, Kalk, etwas Unterholz, Pfirsich und einem Hauch von Lambic.<\/p>\n<p>\u00a0<\/p>\n<h5>Mund<\/h5>\n<p>Am Gaumen pendelt der Cidre zwischen seidigem Charme und angenehm herb-mostigen Apfelnoten. Die S\u00e4ure und die Tanninstruktur wirken seidig, die S\u00fc\u00dfe ist so gut eingebunden wie in einem Kabi von der Mosel, der Cidre stoffig und sinnlich mit Noten von reifen gelben und roten \u00c4pfeln, etwas Quitte und Reinclaude, aber auch von ein wenig Ingwer und Tabak. Der Apfelschaumwein pendelt zwischen s\u00fc\u00dfen und herben Noten, bietet Festigkeit und wirkt gleichzeitig hefig-fluffig. Die S\u00e4ure durchzieht den Cidre mit einem feinen Nerv und tr\u00e4gt zum Trinkfluss dieses saftig-s\u00fc\u00dfen und herben Getr\u00e4nks bei. Das ist schon sehr feiner Stoff!<\/p>\n<p>Copyright Vinaturel 2025<\/p>\n<p>Keywords: <a href=\"https:\/\/wein-werte.com\/de\/shop\/?swoof=1&#038;pa_producer=Lesuffleur\">Lesuffleur<\/a> <a href=\"https:\/\/wein-werte.com\/de\/shop\/?swoof=1&#038;woof_text=La Folleti\u00e8re\">La Folleti\u00e8re<\/a> 2019  <a href=\"https:\/\/wein-werte.com\/de\/shop\/?swoof=1&#038;pa_region=Normandie\">Normandie<\/a> <a href=\"https:\/\/wein-werte.com\/de\/shop\/?swoof=1&#038;pa_country=Frankreich\">Frankreich<\/a><\/p>\n","protected":false},"excerpt":{"rendered":"<p>Lieferzeit: 1 bis 2 Arbeitstage (DE), 2 bis 5 Arbeitstage (EU and CH)<\/p>\n","protected":false},"featured_media":1146326,"template":"","meta":[],"product_brand":[],"product_cat":[19],"product_tag":[],"class_list":{"0":"post-1136645","1":"product","2":"type-product","3":"status-publish","4":"has-post-thumbnail","6":"product_cat-unkategorisiert","7":"pa_certified-biodynamic-nein-de","8":"pa_certified-organic-nein-de","9":"pa_colour-k-a-de","10":"pa_colour-weiss","11":"pa_country-frankreich","12":"pa_price-for-filter-10597","13":"pa_producer-lesuffleur","14":"pa_region-normandie","15":"pa_size-ml-6584","16":"pa_sweetness-halbtrocken","17":"pa_type-2-cidre","18":"pa_vintage-2019-de","19":"entry","20":"has-media","22":"first","23":"instock","24":"taxable","25":"shipping-taxable","26":"purchasable","27":"product-type-simple"},"yoast_head":"<!-- This site is optimized with the Yoast SEO plugin v27.5 - https:\/\/yoast.com\/product\/yoast-seo-wordpress\/ -->\n<title>Lesuffleur La Folleti\u00e8re 2019<\/title>\n<meta name=\"description\" content=\"Kaufe Lesuffleur La Folleti\u00e8re 2019 (, halbtrocken Schaumwein aus Normandie, Frankreich) bei Wein Werte, Ihrem nachhaltigen Onlineshop.\" \/>\n<meta name=\"robots\" content=\"index, follow, max-snippet:-1, max-image-preview:large, max-video-preview:-1\" \/>\n<link rel=\"canonical\" href=\"https:\/\/wein-werte.com\/de\/produkt\/lesuffleur-la-folletiere-2019-750ml\/\" \/>\n<meta property=\"og:locale\" content=\"de_DE\" \/>\n<meta property=\"og:type\" content=\"article\" \/>\n<meta property=\"og:title\" content=\"Lesuffleur La Folleti\u00e8re 2019\" \/>\n<meta property=\"og:description\" content=\"Kaufe Lesuffleur La Folleti\u00e8re 2019 (, halbtrocken Schaumwein aus Normandie, Frankreich) bei Wein Werte, Ihrem nachhaltigen Onlineshop.\" \/>\n<meta property=\"og:url\" content=\"https:\/\/wein-werte.com\/de\/produkt\/lesuffleur-la-folletiere-2019-750ml\/\" \/>\n<meta property=\"og:site_name\" content=\"Wein Werte\" \/>\n<meta property=\"og:image\" content=\"https:\/\/wein-werte.com\/wp-content\/uploads\/2026\/04\/Lesuffleur-La-Folletiere-2019-750ml.png\" \/>\n\t<meta property=\"og:image:width\" content=\"326\" \/>\n\t<meta property=\"og:image:height\" content=\"1200\" \/>\n\t<meta property=\"og:image:type\" content=\"image\/png\" \/>\n<meta name=\"twitter:card\" content=\"summary_large_image\" \/>\n<meta name=\"twitter:label1\" content=\"Gesch\u00e4tzte Lesezeit\" \/>\n\t<meta name=\"twitter:data1\" content=\"2\u00a0Minuten\" \/>\n<script type=\"application\/ld+json\" class=\"yoast-schema-graph\">{\"@context\":\"https:\\\/\\\/schema.org\",\"@graph\":[{\"@type\":\"WebPage\",\"@id\":\"https:\\\/\\\/wein-werte.com\\\/de\\\/produkt\\\/lesuffleur-la-folletiere-2019-750ml\\\/\",\"url\":\"https:\\\/\\\/wein-werte.com\\\/de\\\/produkt\\\/lesuffleur-la-folletiere-2019-750ml\\\/\",\"name\":\"Lesuffleur La Folleti\u00e8re 2019\",\"isPartOf\":{\"@id\":\"https:\\\/\\\/wein-werte.com\\\/de\\\/#website\"},\"primaryImageOfPage\":{\"@id\":\"https:\\\/\\\/wein-werte.com\\\/de\\\/produkt\\\/lesuffleur-la-folletiere-2019-750ml\\\/#primaryimage\"},\"image\":{\"@id\":\"https:\\\/\\\/wein-werte.com\\\/de\\\/produkt\\\/lesuffleur-la-folletiere-2019-750ml\\\/#primaryimage\"},\"thumbnailUrl\":\"https:\\\/\\\/wein-werte.com\\\/wp-content\\\/uploads\\\/2026\\\/04\\\/Lesuffleur-La-Folletiere-2019-750ml.png\",\"datePublished\":\"2026-04-27T11:36:21+00:00\",\"description\":\"Kaufe Lesuffleur La Folleti\u00e8re 2019 (, halbtrocken Schaumwein aus Normandie, Frankreich) bei Wein Werte, Ihrem nachhaltigen Onlineshop.\",\"breadcrumb\":{\"@id\":\"https:\\\/\\\/wein-werte.com\\\/de\\\/produkt\\\/lesuffleur-la-folletiere-2019-750ml\\\/#breadcrumb\"},\"inLanguage\":\"de\",\"potentialAction\":[{\"@type\":\"ReadAction\",\"target\":[\"https:\\\/\\\/wein-werte.com\\\/de\\\/produkt\\\/lesuffleur-la-folletiere-2019-750ml\\\/\"]}]},{\"@type\":\"ImageObject\",\"inLanguage\":\"de\",\"@id\":\"https:\\\/\\\/wein-werte.com\\\/de\\\/produkt\\\/lesuffleur-la-folletiere-2019-750ml\\\/#primaryimage\",\"url\":\"https:\\\/\\\/wein-werte.com\\\/wp-content\\\/uploads\\\/2026\\\/04\\\/Lesuffleur-La-Folletiere-2019-750ml.png\",\"contentUrl\":\"https:\\\/\\\/wein-werte.com\\\/wp-content\\\/uploads\\\/2026\\\/04\\\/Lesuffleur-La-Folletiere-2019-750ml.png\",\"width\":326,\"height\":1200,\"caption\":\"Lesuffleur La Folleti\u00e8re 2019 750ml\"},{\"@type\":\"BreadcrumbList\",\"@id\":\"https:\\\/\\\/wein-werte.com\\\/de\\\/produkt\\\/lesuffleur-la-folletiere-2019-750ml\\\/#breadcrumb\",\"itemListElement\":[{\"@type\":\"ListItem\",\"position\":1,\"name\":\"Home\",\"item\":\"https:\\\/\\\/wein-werte.com\\\/de\\\/\"},{\"@type\":\"ListItem\",\"position\":2,\"name\":\"Shop\",\"item\":\"https:\\\/\\\/wein-werte.com\\\/de\\\/shop\\\/\"},{\"@type\":\"ListItem\",\"position\":3,\"name\":\"Lesuffleur | Normandie | La Folleti\u00e8re | 2019 | 750ml\"}]},{\"@type\":\"WebSite\",\"@id\":\"https:\\\/\\\/wein-werte.com\\\/de\\\/#website\",\"url\":\"https:\\\/\\\/wein-werte.com\\\/de\\\/\",\"name\":\"Wein Werte\",\"description\":\"\",\"publisher\":{\"@id\":\"https:\\\/\\\/wein-werte.com\\\/de\\\/#organization\"},\"potentialAction\":[{\"@type\":\"SearchAction\",\"target\":{\"@type\":\"EntryPoint\",\"urlTemplate\":\"https:\\\/\\\/wein-werte.com\\\/de\\\/?s={search_term_string}\"},\"query-input\":{\"@type\":\"PropertyValueSpecification\",\"valueRequired\":true,\"valueName\":\"search_term_string\"}}],\"inLanguage\":\"de\"},{\"@type\":\"Organization\",\"@id\":\"https:\\\/\\\/wein-werte.com\\\/de\\\/#organization\",\"name\":\"Vins Fins Thorrold\",\"url\":\"https:\\\/\\\/wein-werte.com\\\/de\\\/\",\"logo\":{\"@type\":\"ImageObject\",\"inLanguage\":\"de\",\"@id\":\"https:\\\/\\\/wein-werte.com\\\/de\\\/#\\\/schema\\\/logo\\\/image\\\/\",\"url\":\"https:\\\/\\\/wein-werte.com\\\/wp-content\\\/uploads\\\/2023\\\/07\\\/Wein_werte_Logo700-1.png\",\"contentUrl\":\"https:\\\/\\\/wein-werte.com\\\/wp-content\\\/uploads\\\/2023\\\/07\\\/Wein_werte_Logo700-1.png\",\"width\":700,\"height\":272,\"caption\":\"Vins Fins Thorrold\"},\"image\":{\"@id\":\"https:\\\/\\\/wein-werte.com\\\/de\\\/#\\\/schema\\\/logo\\\/image\\\/\"}}]}<\/script>\n<!-- \/ Yoast SEO plugin. -->","yoast_head_json":{"title":"Lesuffleur La Folleti\u00e8re 2019","description":"Kaufe Lesuffleur La Folleti\u00e8re 2019 (, halbtrocken Schaumwein aus Normandie, Frankreich) bei Wein Werte, Ihrem nachhaltigen Onlineshop.","robots":{"index":"index","follow":"follow","max-snippet":"max-snippet:-1","max-image-preview":"max-image-preview:large","max-video-preview":"max-video-preview:-1"},"canonical":"https:\/\/wein-werte.com\/de\/produkt\/lesuffleur-la-folletiere-2019-750ml\/","og_locale":"de_DE","og_type":"article","og_title":"Lesuffleur La Folleti\u00e8re 2019","og_description":"Kaufe Lesuffleur La Folleti\u00e8re 2019 (, halbtrocken Schaumwein aus Normandie, Frankreich) bei Wein Werte, Ihrem nachhaltigen Onlineshop.","og_url":"https:\/\/wein-werte.com\/de\/produkt\/lesuffleur-la-folletiere-2019-750ml\/","og_site_name":"Wein Werte","og_image":[{"width":326,"height":1200,"url":"https:\/\/wein-werte.com\/wp-content\/uploads\/2026\/04\/Lesuffleur-La-Folletiere-2019-750ml.png","type":"image\/png"}],"twitter_card":"summary_large_image","twitter_misc":{"Gesch\u00e4tzte Lesezeit":"2\u00a0Minuten"},"schema":{"@context":"https:\/\/schema.org","@graph":[{"@type":"WebPage","@id":"https:\/\/wein-werte.com\/de\/produkt\/lesuffleur-la-folletiere-2019-750ml\/","url":"https:\/\/wein-werte.com\/de\/produkt\/lesuffleur-la-folletiere-2019-750ml\/","name":"Lesuffleur La Folleti\u00e8re 2019","isPartOf":{"@id":"https:\/\/wein-werte.com\/de\/#website"},"primaryImageOfPage":{"@id":"https:\/\/wein-werte.com\/de\/produkt\/lesuffleur-la-folletiere-2019-750ml\/#primaryimage"},"image":{"@id":"https:\/\/wein-werte.com\/de\/produkt\/lesuffleur-la-folletiere-2019-750ml\/#primaryimage"},"thumbnailUrl":"https:\/\/wein-werte.com\/wp-content\/uploads\/2026\/04\/Lesuffleur-La-Folletiere-2019-750ml.png","datePublished":"2026-04-27T11:36:21+00:00","description":"Kaufe Lesuffleur La Folleti\u00e8re 2019 (, halbtrocken Schaumwein aus Normandie, Frankreich) bei Wein Werte, Ihrem nachhaltigen Onlineshop.","breadcrumb":{"@id":"https:\/\/wein-werte.com\/de\/produkt\/lesuffleur-la-folletiere-2019-750ml\/#breadcrumb"},"inLanguage":"de","potentialAction":[{"@type":"ReadAction","target":["https:\/\/wein-werte.com\/de\/produkt\/lesuffleur-la-folletiere-2019-750ml\/"]}]},{"@type":"ImageObject","inLanguage":"de","@id":"https:\/\/wein-werte.com\/de\/produkt\/lesuffleur-la-folletiere-2019-750ml\/#primaryimage","url":"https:\/\/wein-werte.com\/wp-content\/uploads\/2026\/04\/Lesuffleur-La-Folletiere-2019-750ml.png","contentUrl":"https:\/\/wein-werte.com\/wp-content\/uploads\/2026\/04\/Lesuffleur-La-Folletiere-2019-750ml.png","width":326,"height":1200,"caption":"Lesuffleur La Folleti\u00e8re 2019 750ml"},{"@type":"BreadcrumbList","@id":"https:\/\/wein-werte.com\/de\/produkt\/lesuffleur-la-folletiere-2019-750ml\/#breadcrumb","itemListElement":[{"@type":"ListItem","position":1,"name":"Home","item":"https:\/\/wein-werte.com\/de\/"},{"@type":"ListItem","position":2,"name":"Shop","item":"https:\/\/wein-werte.com\/de\/shop\/"},{"@type":"ListItem","position":3,"name":"Lesuffleur | Normandie | La Folleti\u00e8re | 2019 | 750ml"}]},{"@type":"WebSite","@id":"https:\/\/wein-werte.com\/de\/#website","url":"https:\/\/wein-werte.com\/de\/","name":"Wein Werte","description":"","publisher":{"@id":"https:\/\/wein-werte.com\/de\/#organization"},"potentialAction":[{"@type":"SearchAction","target":{"@type":"EntryPoint","urlTemplate":"https:\/\/wein-werte.com\/de\/?s={search_term_string}"},"query-input":{"@type":"PropertyValueSpecification","valueRequired":true,"valueName":"search_term_string"}}],"inLanguage":"de"},{"@type":"Organization","@id":"https:\/\/wein-werte.com\/de\/#organization","name":"Vins Fins Thorrold","url":"https:\/\/wein-werte.com\/de\/","logo":{"@type":"ImageObject","inLanguage":"de","@id":"https:\/\/wein-werte.com\/de\/#\/schema\/logo\/image\/","url":"https:\/\/wein-werte.com\/wp-content\/uploads\/2023\/07\/Wein_werte_Logo700-1.png","contentUrl":"https:\/\/wein-werte.com\/wp-content\/uploads\/2023\/07\/Wein_werte_Logo700-1.png","width":700,"height":272,"caption":"Vins Fins Thorrold"},"image":{"@id":"https:\/\/wein-werte.com\/de\/#\/schema\/logo\/image\/"}}]}},"_links":{"self":[{"href":"https:\/\/wein-werte.com\/de\/wp-json\/wp\/v2\/product\/1136645","targetHints":{"allow":["GET"]}}],"collection":[{"href":"https:\/\/wein-werte.com\/de\/wp-json\/wp\/v2\/product"}],"about":[{"href":"https:\/\/wein-werte.com\/de\/wp-json\/wp\/v2\/types\/product"}],"wp:featuredmedia":[{"embeddable":true,"href":"https:\/\/wein-werte.com\/de\/wp-json\/wp\/v2\/media\/1146326"}],"wp:attachment":[{"href":"https:\/\/wein-werte.com\/de\/wp-json\/wp\/v2\/media?parent=1136645"}],"wp:term":[{"taxonomy":"product_brand","embeddable":true,"href":"https:\/\/wein-werte.com\/de\/wp-json\/wp\/v2\/product_brand?post=1136645"},{"taxonomy":"product_cat","embeddable":true,"href":"https:\/\/wein-werte.com\/de\/wp-json\/wp\/v2\/product_cat?post=1136645"},{"taxonomy":"product_tag","embeddable":true,"href":"https:\/\/wein-werte.com\/de\/wp-json\/wp\/v2\/product_tag?post=1136645"}],"curies":[{"name":"wp","href":"https:\/\/api.w.org\/{rel}","templated":true}]}}