{"id":1136411,"date":"2026-04-27T13:35:48","date_gmt":"2026-04-27T11:35:48","guid":{"rendered":"https:\/\/wein-werte.com\/product\/pranzegg-campill-2018-750ml\/"},"modified":"2026-04-27T12:06:46","modified_gmt":"2026-04-27T10:06:46","slug":"pranzegg-campill-2018-750ml","status":"publish","type":"product","link":"https:\/\/wein-werte.com\/de\/produkt\/pranzegg-campill-2018-750ml\/","title":{"rendered":"Pranzegg | S\u00fcdtirol | Campill | 2018 | 750ml"},"content":{"rendered":"<p>Produktbeschreibung f\u00fcr Pranzegg Campill 2018  <\/p>\n<h5>Info zur Lage<\/h5>\n<p> S\u00fcdtiroler einfache Pergel in sehr steilem Gel\u00e4nde. Lehmiger Sand, vulkanischer Ursprung und mor\u00e4nische Ablagerungen (Porphyr, Basalt, Granit), sehr tiefgr\u00fcndig und durchl\u00e4ssig. <\/p>\n<h5>Info zum Ausbau<\/h5>\n<p> Biodynamisch ohne die Hilfe von Traktoren. Nach der Handlese wurden die Trauben gequetscht und spontan vergoren in Holzg\u00e4rst\u00e4ndern, ohne Temperaturkontrolle mit 80 % der K\u00e4mme. Danach folgte die f\u00fcnfmonatige G\u00e4rung inklusive Kaltmazeration, Reifung in Holzg\u00e4rst\u00e4ndern und Ovalf\u00e4ssern f\u00fcr 12 Monate und 10 Monate in Beton und Ovalf\u00e4ssern. H\u00e4ndische F\u00fcllung ohne Sch\u00f6nung und Filtration. <\/p>\n<h5>Farbe<\/h5>\n<p> Helles, gedecktes Granatrot mit violetten Aufhellungen zum Rand hin. <\/p>\n<h5>Nase<\/h5>\n<p> Der Duft des 2018er Campill ist von tiefgr\u00fcndigen und erdigen Komponenten bestimmt, Baumrinde, Zigarrenrauch, Kamin und Rote Bete machen den Auftakt. Mit Sauerstoff treten dunkle und herbe Fr\u00fcchte auf das Parkett, die ihm Facette und Reiz verleihen, Schlehe, Maulbeeren, dunkles Pflaumenmus in Kombination mit Rosmarin und Thymian \u2013 wie einladend. <\/p>\n<h5>Gaumen<\/h5>\n<p> Auf der Zunge angelangt, wirkt er elegant und erfrischend zugleich, feiner Gerbstoff trifft auf belebende S\u00e4ure, eingebettet in eine Frucht, die sich am Gaumen eher rotbeerig zeigt. Durch den moderaten Alkohol von 12 Vol% ein Vernatsch, der gek\u00fchlt seiner Bestimmung folgt, herzhafte Speisen vortrefflich zu begleiten. Danke Martin Gojer f\u00fcr diesen wunderbaren Vernatsch!<\/p>\n<p>Copyright Vinaturel 2025<\/p>\n<p>Keywords: <a href=\"https:\/\/wein-werte.com\/de\/shop\/?swoof=1&#038;pa_producer=Pranzegg\">Pranzegg<\/a> <a href=\"https:\/\/wein-werte.com\/de\/shop\/?swoof=1&#038;woof_text=Campill\">Campill<\/a> 2018  <a href=\"https:\/\/wein-werte.com\/de\/shop\/?swoof=1&#038;pa_region=S\u00fcdtirol\">S\u00fcdtirol<\/a> <a href=\"https:\/\/wein-werte.com\/de\/shop\/?swoof=1&#038;pa_country=Italien\">Italien<\/a><\/p>\n<p>Internetseite des Weinguts: <a href=\"https:\/\/www.pranzegg.com\/\" target=\"_blank\">https:\/\/www.pranzegg.com\/<\/a><\/p>\n","protected":false},"excerpt":{"rendered":"<p>Lieferzeit: 1 bis 2 Arbeitstage (DE), 2 bis 5 Arbeitstage (EU and CH)<\/p>\n","protected":false},"featured_media":1146150,"template":"","meta":[],"product_brand":[],"product_cat":[19],"product_tag":[],"class_list":{"0":"post-1136411","1":"product","2":"type-product","3":"status-publish","4":"has-post-thumbnail","6":"product_cat-unkategorisiert","7":"pa_alcohol-for-filter-12893","8":"pa_certified-biodynamic-nein-de","9":"pa_certified-organic-nein-de","10":"pa_colour-rot","11":"pa_country-italien","12":"pa_grape-vernatsch","13":"pa_price-for-filter-10579","14":"pa_producer-pranzegg","15":"pa_region-sudtirol","16":"pa_size-ml-6584","17":"pa_sweetness-trocken-de","18":"pa_type-2-still-de","19":"pa_vintage-2018-de","20":"entry","21":"has-media","23":"first","24":"instock","25":"taxable","26":"shipping-taxable","27":"purchasable","28":"product-type-simple"},"yoast_head":"<!-- This site is optimized with the Yoast SEO plugin v27.4 - https:\/\/yoast.com\/product\/yoast-seo-wordpress\/ -->\n<title>Pranzegg Campill 2018<\/title>\n<meta name=\"description\" content=\"Kaufe Pranzegg Campill 2018 (Vernatsch, trocken aus S\u00fcdtirol, Italien) bei Wein Werte, Ihrem nachhaltigen Onlineshop.\" \/>\n<meta name=\"robots\" content=\"index, follow, max-snippet:-1, max-image-preview:large, max-video-preview:-1\" \/>\n<link rel=\"canonical\" href=\"https:\/\/wein-werte.com\/de\/produkt\/pranzegg-campill-2018-750ml\/\" \/>\n<meta property=\"og:locale\" content=\"de_DE\" \/>\n<meta property=\"og:type\" content=\"article\" \/>\n<meta property=\"og:title\" content=\"Pranzegg Campill 2018\" \/>\n<meta property=\"og:description\" content=\"Kaufe Pranzegg Campill 2018 (Vernatsch, trocken aus S\u00fcdtirol, Italien) bei Wein Werte, Ihrem nachhaltigen Onlineshop.\" \/>\n<meta property=\"og:url\" content=\"https:\/\/wein-werte.com\/de\/produkt\/pranzegg-campill-2018-750ml\/\" \/>\n<meta property=\"og:site_name\" content=\"Wein Werte\" \/>\n<meta property=\"og:image\" content=\"https:\/\/wein-werte.com\/wp-content\/uploads\/2026\/04\/Pranzegg-Campill-2018-750ml.png\" \/>\n\t<meta property=\"og:image:width\" content=\"278\" \/>\n\t<meta property=\"og:image:height\" content=\"1019\" \/>\n\t<meta property=\"og:image:type\" content=\"image\/png\" \/>\n<meta name=\"twitter:card\" content=\"summary_large_image\" \/>\n<meta name=\"twitter:label1\" content=\"Gesch\u00e4tzte Lesezeit\" \/>\n\t<meta name=\"twitter:data1\" content=\"1\u00a0Minute\" \/>\n<script type=\"application\/ld+json\" class=\"yoast-schema-graph\">{\"@context\":\"https:\\\/\\\/schema.org\",\"@graph\":[{\"@type\":\"WebPage\",\"@id\":\"https:\\\/\\\/wein-werte.com\\\/de\\\/produkt\\\/pranzegg-campill-2018-750ml\\\/\",\"url\":\"https:\\\/\\\/wein-werte.com\\\/de\\\/produkt\\\/pranzegg-campill-2018-750ml\\\/\",\"name\":\"Pranzegg Campill 2018\",\"isPartOf\":{\"@id\":\"https:\\\/\\\/wein-werte.com\\\/de\\\/#website\"},\"primaryImageOfPage\":{\"@id\":\"https:\\\/\\\/wein-werte.com\\\/de\\\/produkt\\\/pranzegg-campill-2018-750ml\\\/#primaryimage\"},\"image\":{\"@id\":\"https:\\\/\\\/wein-werte.com\\\/de\\\/produkt\\\/pranzegg-campill-2018-750ml\\\/#primaryimage\"},\"thumbnailUrl\":\"https:\\\/\\\/wein-werte.com\\\/wp-content\\\/uploads\\\/2026\\\/04\\\/Pranzegg-Campill-2018-750ml.png\",\"datePublished\":\"2026-04-27T11:35:48+00:00\",\"description\":\"Kaufe Pranzegg Campill 2018 (Vernatsch, trocken aus S\u00fcdtirol, Italien) bei Wein Werte, Ihrem nachhaltigen Onlineshop.\",\"breadcrumb\":{\"@id\":\"https:\\\/\\\/wein-werte.com\\\/de\\\/produkt\\\/pranzegg-campill-2018-750ml\\\/#breadcrumb\"},\"inLanguage\":\"de\",\"potentialAction\":[{\"@type\":\"ReadAction\",\"target\":[\"https:\\\/\\\/wein-werte.com\\\/de\\\/produkt\\\/pranzegg-campill-2018-750ml\\\/\"]}]},{\"@type\":\"ImageObject\",\"inLanguage\":\"de\",\"@id\":\"https:\\\/\\\/wein-werte.com\\\/de\\\/produkt\\\/pranzegg-campill-2018-750ml\\\/#primaryimage\",\"url\":\"https:\\\/\\\/wein-werte.com\\\/wp-content\\\/uploads\\\/2026\\\/04\\\/Pranzegg-Campill-2018-750ml.png\",\"contentUrl\":\"https:\\\/\\\/wein-werte.com\\\/wp-content\\\/uploads\\\/2026\\\/04\\\/Pranzegg-Campill-2018-750ml.png\",\"width\":278,\"height\":1019,\"caption\":\"Pranzegg Campill 2018 750ml\"},{\"@type\":\"BreadcrumbList\",\"@id\":\"https:\\\/\\\/wein-werte.com\\\/de\\\/produkt\\\/pranzegg-campill-2018-750ml\\\/#breadcrumb\",\"itemListElement\":[{\"@type\":\"ListItem\",\"position\":1,\"name\":\"Home\",\"item\":\"https:\\\/\\\/wein-werte.com\\\/de\\\/\"},{\"@type\":\"ListItem\",\"position\":2,\"name\":\"Shop\",\"item\":\"https:\\\/\\\/wein-werte.com\\\/de\\\/shop\\\/\"},{\"@type\":\"ListItem\",\"position\":3,\"name\":\"Pranzegg | S\u00fcdtirol | Campill | 2018 | 750ml\"}]},{\"@type\":\"WebSite\",\"@id\":\"https:\\\/\\\/wein-werte.com\\\/de\\\/#website\",\"url\":\"https:\\\/\\\/wein-werte.com\\\/de\\\/\",\"name\":\"Wein Werte\",\"description\":\"\",\"publisher\":{\"@id\":\"https:\\\/\\\/wein-werte.com\\\/de\\\/#organization\"},\"potentialAction\":[{\"@type\":\"SearchAction\",\"target\":{\"@type\":\"EntryPoint\",\"urlTemplate\":\"https:\\\/\\\/wein-werte.com\\\/de\\\/?s={search_term_string}\"},\"query-input\":{\"@type\":\"PropertyValueSpecification\",\"valueRequired\":true,\"valueName\":\"search_term_string\"}}],\"inLanguage\":\"de\"},{\"@type\":\"Organization\",\"@id\":\"https:\\\/\\\/wein-werte.com\\\/de\\\/#organization\",\"name\":\"Vins Fins Thorrold\",\"url\":\"https:\\\/\\\/wein-werte.com\\\/de\\\/\",\"logo\":{\"@type\":\"ImageObject\",\"inLanguage\":\"de\",\"@id\":\"https:\\\/\\\/wein-werte.com\\\/de\\\/#\\\/schema\\\/logo\\\/image\\\/\",\"url\":\"https:\\\/\\\/wein-werte.com\\\/wp-content\\\/uploads\\\/2023\\\/07\\\/Wein_werte_Logo700-1.png\",\"contentUrl\":\"https:\\\/\\\/wein-werte.com\\\/wp-content\\\/uploads\\\/2023\\\/07\\\/Wein_werte_Logo700-1.png\",\"width\":700,\"height\":272,\"caption\":\"Vins Fins Thorrold\"},\"image\":{\"@id\":\"https:\\\/\\\/wein-werte.com\\\/de\\\/#\\\/schema\\\/logo\\\/image\\\/\"}}]}<\/script>\n<!-- \/ Yoast SEO plugin. -->","yoast_head_json":{"title":"Pranzegg Campill 2018","description":"Kaufe Pranzegg Campill 2018 (Vernatsch, trocken aus S\u00fcdtirol, Italien) bei Wein Werte, Ihrem nachhaltigen Onlineshop.","robots":{"index":"index","follow":"follow","max-snippet":"max-snippet:-1","max-image-preview":"max-image-preview:large","max-video-preview":"max-video-preview:-1"},"canonical":"https:\/\/wein-werte.com\/de\/produkt\/pranzegg-campill-2018-750ml\/","og_locale":"de_DE","og_type":"article","og_title":"Pranzegg Campill 2018","og_description":"Kaufe Pranzegg Campill 2018 (Vernatsch, trocken aus S\u00fcdtirol, Italien) bei Wein Werte, Ihrem nachhaltigen Onlineshop.","og_url":"https:\/\/wein-werte.com\/de\/produkt\/pranzegg-campill-2018-750ml\/","og_site_name":"Wein Werte","og_image":[{"width":278,"height":1019,"url":"https:\/\/wein-werte.com\/wp-content\/uploads\/2026\/04\/Pranzegg-Campill-2018-750ml.png","type":"image\/png"}],"twitter_card":"summary_large_image","twitter_misc":{"Gesch\u00e4tzte Lesezeit":"1\u00a0Minute"},"schema":{"@context":"https:\/\/schema.org","@graph":[{"@type":"WebPage","@id":"https:\/\/wein-werte.com\/de\/produkt\/pranzegg-campill-2018-750ml\/","url":"https:\/\/wein-werte.com\/de\/produkt\/pranzegg-campill-2018-750ml\/","name":"Pranzegg Campill 2018","isPartOf":{"@id":"https:\/\/wein-werte.com\/de\/#website"},"primaryImageOfPage":{"@id":"https:\/\/wein-werte.com\/de\/produkt\/pranzegg-campill-2018-750ml\/#primaryimage"},"image":{"@id":"https:\/\/wein-werte.com\/de\/produkt\/pranzegg-campill-2018-750ml\/#primaryimage"},"thumbnailUrl":"https:\/\/wein-werte.com\/wp-content\/uploads\/2026\/04\/Pranzegg-Campill-2018-750ml.png","datePublished":"2026-04-27T11:35:48+00:00","description":"Kaufe Pranzegg Campill 2018 (Vernatsch, trocken aus S\u00fcdtirol, Italien) bei Wein Werte, Ihrem nachhaltigen Onlineshop.","breadcrumb":{"@id":"https:\/\/wein-werte.com\/de\/produkt\/pranzegg-campill-2018-750ml\/#breadcrumb"},"inLanguage":"de","potentialAction":[{"@type":"ReadAction","target":["https:\/\/wein-werte.com\/de\/produkt\/pranzegg-campill-2018-750ml\/"]}]},{"@type":"ImageObject","inLanguage":"de","@id":"https:\/\/wein-werte.com\/de\/produkt\/pranzegg-campill-2018-750ml\/#primaryimage","url":"https:\/\/wein-werte.com\/wp-content\/uploads\/2026\/04\/Pranzegg-Campill-2018-750ml.png","contentUrl":"https:\/\/wein-werte.com\/wp-content\/uploads\/2026\/04\/Pranzegg-Campill-2018-750ml.png","width":278,"height":1019,"caption":"Pranzegg Campill 2018 750ml"},{"@type":"BreadcrumbList","@id":"https:\/\/wein-werte.com\/de\/produkt\/pranzegg-campill-2018-750ml\/#breadcrumb","itemListElement":[{"@type":"ListItem","position":1,"name":"Home","item":"https:\/\/wein-werte.com\/de\/"},{"@type":"ListItem","position":2,"name":"Shop","item":"https:\/\/wein-werte.com\/de\/shop\/"},{"@type":"ListItem","position":3,"name":"Pranzegg | S\u00fcdtirol | Campill | 2018 | 750ml"}]},{"@type":"WebSite","@id":"https:\/\/wein-werte.com\/de\/#website","url":"https:\/\/wein-werte.com\/de\/","name":"Wein Werte","description":"","publisher":{"@id":"https:\/\/wein-werte.com\/de\/#organization"},"potentialAction":[{"@type":"SearchAction","target":{"@type":"EntryPoint","urlTemplate":"https:\/\/wein-werte.com\/de\/?s={search_term_string}"},"query-input":{"@type":"PropertyValueSpecification","valueRequired":true,"valueName":"search_term_string"}}],"inLanguage":"de"},{"@type":"Organization","@id":"https:\/\/wein-werte.com\/de\/#organization","name":"Vins Fins Thorrold","url":"https:\/\/wein-werte.com\/de\/","logo":{"@type":"ImageObject","inLanguage":"de","@id":"https:\/\/wein-werte.com\/de\/#\/schema\/logo\/image\/","url":"https:\/\/wein-werte.com\/wp-content\/uploads\/2023\/07\/Wein_werte_Logo700-1.png","contentUrl":"https:\/\/wein-werte.com\/wp-content\/uploads\/2023\/07\/Wein_werte_Logo700-1.png","width":700,"height":272,"caption":"Vins Fins Thorrold"},"image":{"@id":"https:\/\/wein-werte.com\/de\/#\/schema\/logo\/image\/"}}]}},"_links":{"self":[{"href":"https:\/\/wein-werte.com\/de\/wp-json\/wp\/v2\/product\/1136411","targetHints":{"allow":["GET"]}}],"collection":[{"href":"https:\/\/wein-werte.com\/de\/wp-json\/wp\/v2\/product"}],"about":[{"href":"https:\/\/wein-werte.com\/de\/wp-json\/wp\/v2\/types\/product"}],"wp:featuredmedia":[{"embeddable":true,"href":"https:\/\/wein-werte.com\/de\/wp-json\/wp\/v2\/media\/1146150"}],"wp:attachment":[{"href":"https:\/\/wein-werte.com\/de\/wp-json\/wp\/v2\/media?parent=1136411"}],"wp:term":[{"taxonomy":"product_brand","embeddable":true,"href":"https:\/\/wein-werte.com\/de\/wp-json\/wp\/v2\/product_brand?post=1136411"},{"taxonomy":"product_cat","embeddable":true,"href":"https:\/\/wein-werte.com\/de\/wp-json\/wp\/v2\/product_cat?post=1136411"},{"taxonomy":"product_tag","embeddable":true,"href":"https:\/\/wein-werte.com\/de\/wp-json\/wp\/v2\/product_tag?post=1136411"}],"curies":[{"name":"wp","href":"https:\/\/api.w.org\/{rel}","templated":true}]}}