{"id":1134368,"date":"2026-04-27T13:31:27","date_gmt":"2026-04-27T11:31:27","guid":{"rendered":"https:\/\/wein-werte.com\/product\/recaredo-bufadors-vinya-del-rascara-2018-750ml\/"},"modified":"2026-04-27T12:02:19","modified_gmt":"2026-04-27T10:02:19","slug":"recaredo-bufadors-vinya-del-rascara-2018-750ml","status":"publish","type":"product","link":"https:\/\/wein-werte.com\/de\/produkt\/recaredo-bufadors-vinya-del-rascara-2018-750ml\/","title":{"rendered":"Recaredo | Cava | Bufadors, Vinya del Rascar\u00e0,  | 2018 | 750ml | bio"},"content":{"rendered":"<p>Produktbeschreibung f\u00fcr Recaredo Bufadors, Vinya del Rascar\u00e0,  2018 (bio)<\/p>\n<h5>Info<\/h5>\n<p> In der Einzellage Rascara stehen 1999 gepflanzte Xarel-lo-St\u00f6cke auf sehr kalkreichen B\u00f6den. Mit dem Ziel er maximalen Terroir-Verbundenheit hat Ton Mata von Recaredo mit seinem Team Methoden experimentiert.  In dieser rohen Interpretation der traditionellen Methode wird im Weinberg der Most zu g\u00e4ren begonnen und dann als Starter verwendet. Den Weinen werden keinerlei Additive, Hefen, Zucker, etc. hinzugef\u00fcgt. Weder findet eine Sch\u00f6nung, Filtration oder Schwefel statt. Die Zeit auf der Hefe sowie Kohlens\u00e4ure sind w\u00e4hrend der mindestens 2,5 Jahre Reife ausreichend Schutz und Stabilisator.  Der Grundwein wurde in 300l Eichenf\u00e4ssern vergoren. Am 1. Oktober 2018 wurde dieser Jahrgang gef\u00fcllt zur zweiten G\u00e4rung. Die Charge begann das Degorgement ab Februar 2024, also nach mindestens 5 Jahren und 4 Monaten. Bei schlanken 11% Vol. und unter 0,5g\/l Restzucker steht uns ein Leichtfu\u00df gegen\u00fcber.  <\/p>\n<h5>Farbe<\/h5>\n<p> Leuchtendes Goldgelb mit hellen Reflexen und rasanter Perlage \u00a0 <\/p>\n<h5>Nase<\/h5>\n<p> Der Duft ist expressiv: gegrillte Ananas, reife Birne, bittere Orange und Cox Orange Apfel dominieren die Nase. Dazu gesellen sich herbe Apfelnoten und zitrische, fast Cide-artige Nuancen. Alles wirkt enorm mostig, fast wie frisch gepresst \u2013 mit Aromen von Birnenschalen, Apfelschale und Quittenmost \u2013 einer Mischung aus Saft, Fruchtfleisch und zarter Gerbstoffigkeit. \u00a0 <\/p>\n<h5>Gaumen<\/h5>\n<p> Im Hintergrund entfalten sich warme Gew\u00fcrznoten: Zimt und Kardamom, getrocknete Kr\u00e4uter wie Thymian, Majoran und Oregano. Ein Hauch Hefe und Salzgep\u00e4ck sowie Pekannuss. Die Frucht der Nase tritt ebenfalls wieder in bester Manier in Erscheinung. Er f\u00fchlt sich an wie feuchter Stein und Gischt zugleich. Dies tr\u00e4gt enorm zur Tiefe bei. Die cremige Basis erinnert an Butterbrioche, eingebettet in die feine Textur eines Schaumweins, der Substanz und Leichtigkeit zugleich bietet.<\/p>\n<p>Copyright Vinaturel 2025<\/p>\n<p>Keywords: <a href=\"https:\/\/wein-werte.com\/de\/shop\/?swoof=1&#038;pa_producer=Recaredo\">Recaredo<\/a> <a href=\"https:\/\/wein-werte.com\/de\/shop\/?swoof=1&#038;woof_text=Bufadors, Vinya del Rascar\u00e0, \">Bufadors, Vinya del Rascar\u00e0, <\/a> 2018 bio <a href=\"https:\/\/wein-werte.com\/de\/shop\/?swoof=1&#038;pa_region=Cava\">Cava<\/a> <a href=\"https:\/\/wein-werte.com\/de\/shop\/?swoof=1&#038;pa_country=Spanien\">Spanien<\/a><\/p>\n<p>Internetseite des Weinguts: <a href=\"https:\/\/www.recaredo.com\/en\/\" target=\"_blank\">https:\/\/www.recaredo.com\/en\/<\/a><\/p>\n","protected":false},"excerpt":{"rendered":"<p>Lieferzeit: 1 bis 2 Arbeitstage (DE), 2 bis 5 Arbeitstage (EU and CH)<\/p>\n","protected":false},"featured_media":1144584,"template":"","meta":[],"product_brand":[],"product_cat":[19],"product_tag":[],"class_list":{"0":"post-1134368","1":"product","2":"type-product","3":"status-publish","4":"has-post-thumbnail","6":"product_cat-unkategorisiert","7":"pa_alcohol-for-filter-10-5","8":"pa_certified-biodynamic-nein-de","9":"pa_certified-organic-ja-de","10":"pa_colour-weiss","11":"pa_country-spanien","12":"pa_grape-xarello","13":"pa_price-for-filter-10607","14":"pa_producer-recaredo","15":"pa_region-cava","16":"pa_size-ml-6584","17":"pa_sweetness-trocken-de","18":"pa_type-2-cava-de","19":"pa_vintage-2018-de","20":"entry","21":"has-media","23":"first","24":"instock","25":"taxable","26":"shipping-taxable","27":"purchasable","28":"product-type-simple"},"yoast_head":"<!-- This site is optimized with the Yoast SEO plugin v27.5 - https:\/\/yoast.com\/product\/yoast-seo-wordpress\/ -->\n<title>Recaredo Bufadors Vinya del Rascar\u00e0 2018<\/title>\n<meta name=\"description\" content=\"Kaufe Recaredo Bufadors Vinya del Rascar\u00e0 2018 (Xarello, trocken Schaumwein aus Cava, Spanien) bei Wein Werte, Ihrem nachhaltigen Onlineshop.\" \/>\n<meta name=\"robots\" content=\"index, follow, max-snippet:-1, max-image-preview:large, max-video-preview:-1\" \/>\n<link rel=\"canonical\" href=\"https:\/\/wein-werte.com\/de\/produkt\/recaredo-bufadors-vinya-del-rascara-2018-750ml\/\" \/>\n<meta property=\"og:locale\" content=\"de_DE\" \/>\n<meta property=\"og:type\" content=\"article\" \/>\n<meta property=\"og:title\" content=\"Recaredo Bufadors Vinya del Rascar\u00e0 2018\" \/>\n<meta property=\"og:description\" content=\"Kaufe Recaredo Bufadors Vinya del Rascar\u00e0 2018 (Xarello, trocken Schaumwein aus Cava, Spanien) bei Wein Werte, Ihrem nachhaltigen Onlineshop.\" \/>\n<meta property=\"og:url\" content=\"https:\/\/wein-werte.com\/de\/produkt\/recaredo-bufadors-vinya-del-rascara-2018-750ml\/\" \/>\n<meta property=\"og:site_name\" content=\"Wein Werte\" \/>\n<meta property=\"og:image\" content=\"https:\/\/wein-werte.com\/wp-content\/uploads\/2026\/04\/Recaredo-Bufadors-Vinya-del-Rascara-2018-750ml.png\" \/>\n\t<meta property=\"og:image:width\" content=\"323\" \/>\n\t<meta property=\"og:image:height\" content=\"1200\" \/>\n\t<meta property=\"og:image:type\" content=\"image\/png\" \/>\n<meta name=\"twitter:card\" content=\"summary_large_image\" \/>\n<meta name=\"twitter:label1\" content=\"Gesch\u00e4tzte Lesezeit\" \/>\n\t<meta name=\"twitter:data1\" content=\"1\u00a0Minute\" \/>\n<script type=\"application\/ld+json\" class=\"yoast-schema-graph\">{\"@context\":\"https:\\\/\\\/schema.org\",\"@graph\":[{\"@type\":\"WebPage\",\"@id\":\"https:\\\/\\\/wein-werte.com\\\/de\\\/produkt\\\/recaredo-bufadors-vinya-del-rascara-2018-750ml\\\/\",\"url\":\"https:\\\/\\\/wein-werte.com\\\/de\\\/produkt\\\/recaredo-bufadors-vinya-del-rascara-2018-750ml\\\/\",\"name\":\"Recaredo Bufadors Vinya del Rascar\u00e0 2018\",\"isPartOf\":{\"@id\":\"https:\\\/\\\/wein-werte.com\\\/de\\\/#website\"},\"primaryImageOfPage\":{\"@id\":\"https:\\\/\\\/wein-werte.com\\\/de\\\/produkt\\\/recaredo-bufadors-vinya-del-rascara-2018-750ml\\\/#primaryimage\"},\"image\":{\"@id\":\"https:\\\/\\\/wein-werte.com\\\/de\\\/produkt\\\/recaredo-bufadors-vinya-del-rascara-2018-750ml\\\/#primaryimage\"},\"thumbnailUrl\":\"https:\\\/\\\/wein-werte.com\\\/wp-content\\\/uploads\\\/2026\\\/04\\\/Recaredo-Bufadors-Vinya-del-Rascara-2018-750ml.png\",\"datePublished\":\"2026-04-27T11:31:27+00:00\",\"description\":\"Kaufe Recaredo Bufadors Vinya del Rascar\u00e0 2018 (Xarello, trocken Schaumwein aus Cava, Spanien) bei Wein Werte, Ihrem nachhaltigen Onlineshop.\",\"breadcrumb\":{\"@id\":\"https:\\\/\\\/wein-werte.com\\\/de\\\/produkt\\\/recaredo-bufadors-vinya-del-rascara-2018-750ml\\\/#breadcrumb\"},\"inLanguage\":\"de\",\"potentialAction\":[{\"@type\":\"ReadAction\",\"target\":[\"https:\\\/\\\/wein-werte.com\\\/de\\\/produkt\\\/recaredo-bufadors-vinya-del-rascara-2018-750ml\\\/\"]}]},{\"@type\":\"ImageObject\",\"inLanguage\":\"de\",\"@id\":\"https:\\\/\\\/wein-werte.com\\\/de\\\/produkt\\\/recaredo-bufadors-vinya-del-rascara-2018-750ml\\\/#primaryimage\",\"url\":\"https:\\\/\\\/wein-werte.com\\\/wp-content\\\/uploads\\\/2026\\\/04\\\/Recaredo-Bufadors-Vinya-del-Rascara-2018-750ml.png\",\"contentUrl\":\"https:\\\/\\\/wein-werte.com\\\/wp-content\\\/uploads\\\/2026\\\/04\\\/Recaredo-Bufadors-Vinya-del-Rascara-2018-750ml.png\",\"width\":323,\"height\":1200,\"caption\":\"Recaredo Bufadors, Vinya del Rascar\u00e0, 2018 750ml\"},{\"@type\":\"BreadcrumbList\",\"@id\":\"https:\\\/\\\/wein-werte.com\\\/de\\\/produkt\\\/recaredo-bufadors-vinya-del-rascara-2018-750ml\\\/#breadcrumb\",\"itemListElement\":[{\"@type\":\"ListItem\",\"position\":1,\"name\":\"Home\",\"item\":\"https:\\\/\\\/wein-werte.com\\\/de\\\/\"},{\"@type\":\"ListItem\",\"position\":2,\"name\":\"Shop\",\"item\":\"https:\\\/\\\/wein-werte.com\\\/de\\\/shop\\\/\"},{\"@type\":\"ListItem\",\"position\":3,\"name\":\"Recaredo | Cava | Bufadors, Vinya del Rascar\u00e0, | 2018 | 750ml | bio\"}]},{\"@type\":\"WebSite\",\"@id\":\"https:\\\/\\\/wein-werte.com\\\/de\\\/#website\",\"url\":\"https:\\\/\\\/wein-werte.com\\\/de\\\/\",\"name\":\"Wein Werte\",\"description\":\"\",\"publisher\":{\"@id\":\"https:\\\/\\\/wein-werte.com\\\/de\\\/#organization\"},\"potentialAction\":[{\"@type\":\"SearchAction\",\"target\":{\"@type\":\"EntryPoint\",\"urlTemplate\":\"https:\\\/\\\/wein-werte.com\\\/de\\\/?s={search_term_string}\"},\"query-input\":{\"@type\":\"PropertyValueSpecification\",\"valueRequired\":true,\"valueName\":\"search_term_string\"}}],\"inLanguage\":\"de\"},{\"@type\":\"Organization\",\"@id\":\"https:\\\/\\\/wein-werte.com\\\/de\\\/#organization\",\"name\":\"Vins Fins Thorrold\",\"url\":\"https:\\\/\\\/wein-werte.com\\\/de\\\/\",\"logo\":{\"@type\":\"ImageObject\",\"inLanguage\":\"de\",\"@id\":\"https:\\\/\\\/wein-werte.com\\\/de\\\/#\\\/schema\\\/logo\\\/image\\\/\",\"url\":\"https:\\\/\\\/wein-werte.com\\\/wp-content\\\/uploads\\\/2023\\\/07\\\/Wein_werte_Logo700-1.png\",\"contentUrl\":\"https:\\\/\\\/wein-werte.com\\\/wp-content\\\/uploads\\\/2023\\\/07\\\/Wein_werte_Logo700-1.png\",\"width\":700,\"height\":272,\"caption\":\"Vins Fins Thorrold\"},\"image\":{\"@id\":\"https:\\\/\\\/wein-werte.com\\\/de\\\/#\\\/schema\\\/logo\\\/image\\\/\"}}]}<\/script>\n<!-- \/ Yoast SEO plugin. -->","yoast_head_json":{"title":"Recaredo Bufadors Vinya del Rascar\u00e0 2018","description":"Kaufe Recaredo Bufadors Vinya del Rascar\u00e0 2018 (Xarello, trocken Schaumwein aus Cava, Spanien) bei Wein Werte, Ihrem nachhaltigen Onlineshop.","robots":{"index":"index","follow":"follow","max-snippet":"max-snippet:-1","max-image-preview":"max-image-preview:large","max-video-preview":"max-video-preview:-1"},"canonical":"https:\/\/wein-werte.com\/de\/produkt\/recaredo-bufadors-vinya-del-rascara-2018-750ml\/","og_locale":"de_DE","og_type":"article","og_title":"Recaredo Bufadors Vinya del Rascar\u00e0 2018","og_description":"Kaufe Recaredo Bufadors Vinya del Rascar\u00e0 2018 (Xarello, trocken Schaumwein aus Cava, Spanien) bei Wein Werte, Ihrem nachhaltigen Onlineshop.","og_url":"https:\/\/wein-werte.com\/de\/produkt\/recaredo-bufadors-vinya-del-rascara-2018-750ml\/","og_site_name":"Wein Werte","og_image":[{"width":323,"height":1200,"url":"https:\/\/wein-werte.com\/wp-content\/uploads\/2026\/04\/Recaredo-Bufadors-Vinya-del-Rascara-2018-750ml.png","type":"image\/png"}],"twitter_card":"summary_large_image","twitter_misc":{"Gesch\u00e4tzte Lesezeit":"1\u00a0Minute"},"schema":{"@context":"https:\/\/schema.org","@graph":[{"@type":"WebPage","@id":"https:\/\/wein-werte.com\/de\/produkt\/recaredo-bufadors-vinya-del-rascara-2018-750ml\/","url":"https:\/\/wein-werte.com\/de\/produkt\/recaredo-bufadors-vinya-del-rascara-2018-750ml\/","name":"Recaredo Bufadors Vinya del Rascar\u00e0 2018","isPartOf":{"@id":"https:\/\/wein-werte.com\/de\/#website"},"primaryImageOfPage":{"@id":"https:\/\/wein-werte.com\/de\/produkt\/recaredo-bufadors-vinya-del-rascara-2018-750ml\/#primaryimage"},"image":{"@id":"https:\/\/wein-werte.com\/de\/produkt\/recaredo-bufadors-vinya-del-rascara-2018-750ml\/#primaryimage"},"thumbnailUrl":"https:\/\/wein-werte.com\/wp-content\/uploads\/2026\/04\/Recaredo-Bufadors-Vinya-del-Rascara-2018-750ml.png","datePublished":"2026-04-27T11:31:27+00:00","description":"Kaufe Recaredo Bufadors Vinya del Rascar\u00e0 2018 (Xarello, trocken Schaumwein aus Cava, Spanien) bei Wein Werte, Ihrem nachhaltigen Onlineshop.","breadcrumb":{"@id":"https:\/\/wein-werte.com\/de\/produkt\/recaredo-bufadors-vinya-del-rascara-2018-750ml\/#breadcrumb"},"inLanguage":"de","potentialAction":[{"@type":"ReadAction","target":["https:\/\/wein-werte.com\/de\/produkt\/recaredo-bufadors-vinya-del-rascara-2018-750ml\/"]}]},{"@type":"ImageObject","inLanguage":"de","@id":"https:\/\/wein-werte.com\/de\/produkt\/recaredo-bufadors-vinya-del-rascara-2018-750ml\/#primaryimage","url":"https:\/\/wein-werte.com\/wp-content\/uploads\/2026\/04\/Recaredo-Bufadors-Vinya-del-Rascara-2018-750ml.png","contentUrl":"https:\/\/wein-werte.com\/wp-content\/uploads\/2026\/04\/Recaredo-Bufadors-Vinya-del-Rascara-2018-750ml.png","width":323,"height":1200,"caption":"Recaredo Bufadors, Vinya del Rascar\u00e0, 2018 750ml"},{"@type":"BreadcrumbList","@id":"https:\/\/wein-werte.com\/de\/produkt\/recaredo-bufadors-vinya-del-rascara-2018-750ml\/#breadcrumb","itemListElement":[{"@type":"ListItem","position":1,"name":"Home","item":"https:\/\/wein-werte.com\/de\/"},{"@type":"ListItem","position":2,"name":"Shop","item":"https:\/\/wein-werte.com\/de\/shop\/"},{"@type":"ListItem","position":3,"name":"Recaredo | Cava | Bufadors, Vinya del Rascar\u00e0, | 2018 | 750ml | bio"}]},{"@type":"WebSite","@id":"https:\/\/wein-werte.com\/de\/#website","url":"https:\/\/wein-werte.com\/de\/","name":"Wein Werte","description":"","publisher":{"@id":"https:\/\/wein-werte.com\/de\/#organization"},"potentialAction":[{"@type":"SearchAction","target":{"@type":"EntryPoint","urlTemplate":"https:\/\/wein-werte.com\/de\/?s={search_term_string}"},"query-input":{"@type":"PropertyValueSpecification","valueRequired":true,"valueName":"search_term_string"}}],"inLanguage":"de"},{"@type":"Organization","@id":"https:\/\/wein-werte.com\/de\/#organization","name":"Vins Fins Thorrold","url":"https:\/\/wein-werte.com\/de\/","logo":{"@type":"ImageObject","inLanguage":"de","@id":"https:\/\/wein-werte.com\/de\/#\/schema\/logo\/image\/","url":"https:\/\/wein-werte.com\/wp-content\/uploads\/2023\/07\/Wein_werte_Logo700-1.png","contentUrl":"https:\/\/wein-werte.com\/wp-content\/uploads\/2023\/07\/Wein_werte_Logo700-1.png","width":700,"height":272,"caption":"Vins Fins Thorrold"},"image":{"@id":"https:\/\/wein-werte.com\/de\/#\/schema\/logo\/image\/"}}]}},"_links":{"self":[{"href":"https:\/\/wein-werte.com\/de\/wp-json\/wp\/v2\/product\/1134368","targetHints":{"allow":["GET"]}}],"collection":[{"href":"https:\/\/wein-werte.com\/de\/wp-json\/wp\/v2\/product"}],"about":[{"href":"https:\/\/wein-werte.com\/de\/wp-json\/wp\/v2\/types\/product"}],"wp:featuredmedia":[{"embeddable":true,"href":"https:\/\/wein-werte.com\/de\/wp-json\/wp\/v2\/media\/1144584"}],"wp:attachment":[{"href":"https:\/\/wein-werte.com\/de\/wp-json\/wp\/v2\/media?parent=1134368"}],"wp:term":[{"taxonomy":"product_brand","embeddable":true,"href":"https:\/\/wein-werte.com\/de\/wp-json\/wp\/v2\/product_brand?post=1134368"},{"taxonomy":"product_cat","embeddable":true,"href":"https:\/\/wein-werte.com\/de\/wp-json\/wp\/v2\/product_cat?post=1134368"},{"taxonomy":"product_tag","embeddable":true,"href":"https:\/\/wein-werte.com\/de\/wp-json\/wp\/v2\/product_tag?post=1134368"}],"curies":[{"name":"wp","href":"https:\/\/api.w.org\/{rel}","templated":true}]}}