{"id":1125741,"date":"2026-04-27T12:17:26","date_gmt":"2026-04-27T10:17:26","guid":{"rendered":"https:\/\/wein-werte.com\/product\/hm-lang-gruner-veltliner-riede-steiner-schreck-kalt-und-klar-2019-750ml\/"},"modified":"2026-04-27T11:38:14","modified_gmt":"2026-04-27T09:38:14","slug":"hm-lang-gruner-veltliner-riede-steiner-schreck-kalt-und-klar-2019-750ml","status":"publish","type":"product","link":"https:\/\/wein-werte.com\/de\/produkt\/hm-lang-gruner-veltliner-riede-steiner-schreck-kalt-und-klar-2019-750ml\/","title":{"rendered":"HM Lang | Krems | Gr\u00fcner Veltliner Riede Steiner Schreck &#8220;Kalt und Klar&#8221;  | 2019 | 750ml | bio"},"content":{"rendered":"<p>Produktbeschreibung f\u00fcr HM Lang Gr\u00fcner Veltliner Riede Steiner Schreck &#8220;Kalt und Klar&#8221;  2019 (bio) <\/p>\n<h5> Information zum Wein<\/h5>\n<p>Der Gr\u00fcne Veltliner stammt aus der Riede Steiner Schreck. Die Lage ist sehr steil, die Reben stehen auf kleinen Terrassen von rund vier bis f\u00fcnf Metern Tiefe, die von Gf\u00f6ller Gneis und Granit gepr\u00e4gt sind. Die Reben (die Wurzeln, nicht die St\u00f6cke) sind 100 Jahre alt und werden demeter-zertifiziert bewirtschaftet. Sie verf\u00fcgen \u00fcber eine 2,4 Meter hohe Laubwand. Die Lese fand am 4. 9. 2019 statt. Dieser fr\u00fche Lesezeitpunkt f\u00fchrte zu einem Alkoholgehalt von lediglich 11,5 Vol.-%. Der GV wurde \u00fcber zwei Tage hinweg extrem langsam auf der selbst konzipierten 100-Tonnen-Baumpresse gepresst. Der Pressvorgang selbst l\u00e4uft komplett reduktiv ab, danach aber hat der Saft Zeit zu br\u00e4unen, wird also bewusst einer Oxidation ausgesetzt. Der Saft wurde spontan vergoren und \u00fcber zwei Jahre hinweg auf der Vollhefe im 670er Holzfass ausgebaut und unfiltriert im M\u00e4rz 2022 nach 30 Monaten gef\u00fcllt. Beim Verg\u00e4ren setzte Lang 3 bis 5 % abgebeerte Trauben hinzu, die interzellul\u00e4r (wie bei der mac\u00e9ration carbonique) g\u00e4ren und so den G\u00e4rprozess trotz der konstanten 9 \u00b0C im Keller immer wieder neu ansto\u00dfen. Sp\u00e4ter wurde der Wein minimal geschwefelt. <\/p>\n<h5>Farbe<\/h5>\n<p> leichtes Goldgelb <\/p>\n<h5>Nase<\/h5>\n<p> Wenn es die Zeit zul\u00e4sst, sollte man den Weinen von Markus Lang zumindest so viele Stunden in der offenen Flasche geben, wie sie Monate im Keller verbracht haben. Dann wird etwa aus diesem Gr\u00fcnen Veltliner ein Wein, der cremig und kr\u00e4uterw\u00fcrzig duftet und an Lemoncurd und Salzzitronen, gr\u00fcne Pflaumen und etwas Stangensellerie, Pfeffer und Schotter mit Petrichor, etwas Feuerstein und blonden Tabak erinnert. Das wirkt k\u00fchl, intensiv und ist klar strukturiert. <\/p>\n<h5>Gaumen<\/h5>\n<p> Am Gaumen wirkt der Kalt und Klar gro\u00dfz\u00fcgig und saftig, frisch und tonisch. Es ist beeindruckend, wie intensiv, kraftvoll und dicht sich der Wein zeigt, obwohl er ja in Bezug auf den Alkoholwert zu den absoluten Leichtgewichten geh\u00f6rt. Doch hier fehlt nichts. Im Gegenteil, das ist ein charmanter, ausgewogener Wein, zitrisch, hell, klar, mit etwas reifer Ananas, etwas Holz, Stein und viel Salz im komplexen Finale. Wenn man den Vergleich nicht scheut, dann ist das hier eher ein Genevri\u00e8res, w\u00e4hrend Dritter Akt eher an einen Perri\u00e8res erinnert.<\/p>\n<p>Copyright Vinaturel 2025<\/p>\n<p>Keywords: <a href=\"https:\/\/wein-werte.com\/de\/shop\/?swoof=1&#038;pa_producer=HM-Lang\">HM Lang<\/a> <a href=\"https:\/\/wein-werte.com\/de\/shop\/?swoof=1&#038;woof_text=Gr\u00fcner Veltliner Riede Steiner Schreck \"Kalt und Klar\" \">Gr\u00fcner Veltliner Riede Steiner Schreck &#8220;Kalt und Klar&#8221; <\/a> 2019 bio <a href=\"https:\/\/wein-werte.com\/de\/shop\/?swoof=1&#038;pa_region=Krems\">Krems<\/a> <a href=\"https:\/\/wein-werte.com\/de\/shop\/?swoof=1&#038;pa_country=\u00d6sterreich\">\u00d6sterreich<\/a><\/p>\n<h3>Wine Advocate<\/h3>\n<p>Punkte: 92<\/p>\n<p>Der Riede Steiner Schreck Gr\u00fcner Veltliner Kalt und Klar 2019 ist nach 30 Monaten Hefelagerung soeben erschienen. Zwei Tage lang in Markus Langs einzigartiger, selbstgebauter Korbpresse gepresst, spontan in seinem Felsentunnel vergoren und im M\u00e4rz dieses Jahres ungefiltert abgef\u00fcllt, er\u00f6ffnet der 2019 Kalt &#038; Klar mit einem tiefen, klaren und intensiven, k\u00fchlen, eleganten und w\u00fcrzigen Bouquet reifer, leuchtender Fr\u00fcchte, verwoben mit feuersteinartigen Nuancen. Frisch und anregend am Gaumen pr\u00e4sentiert sich dieser strukturierte, anhaltend intensive und salzige Veltliner mit lebendiger S\u00e4ure, feinen Tanninen und einem anhaltenden, anregenden und knackigen Abgang. Angesichts der angegebenen 11,5 % Alkohol k\u00f6nnte man meinen, dieser Wein sei nur leicht und frisch, doch er ist mehr als das, vor allem komplex und anregend. Naturkorken. Verkostet im Juni 2022.<br \/>Stephan Reinhardt<\/p>\n<p>Internetseite des Weinguts: <a href=\"http:\/\/hmlang.at\/index.html\" target=\"_blank\">http:\/\/hmlang.at\/index.html<\/a><\/p>\n","protected":false},"excerpt":{"rendered":"<p>Lieferzeit: 1 bis 2 Arbeitstage (DE), 2 bis 5 Arbeitstage (EU and CH)<\/p>\n","protected":false},"featured_media":1138054,"template":"","meta":[],"product_brand":[],"product_cat":[19],"product_tag":[],"class_list":{"0":"post-1125741","1":"product","2":"type-product","3":"status-publish","4":"has-post-thumbnail","6":"product_cat-unkategorisiert","7":"pa_alcohol-for-filter-11-5","8":"pa_certified-biodynamic-ja-de","9":"pa_certified-organic-ja-de","10":"pa_colour-weiss","11":"pa_country-osterreich","12":"pa_grape-gruner-veltliner","13":"pa_parker-points-for-filter-92-de","14":"pa_price-for-filter-10585","15":"pa_producer-hm-lang","16":"pa_region-krems","17":"pa_size-ml-6584","18":"pa_sweetness-trocken-de","19":"pa_type-2-still-de","20":"pa_vintage-2019-de","21":"entry","22":"has-media","24":"first","25":"instock","26":"taxable","27":"shipping-taxable","28":"purchasable","29":"product-type-simple"},"yoast_head":"<!-- This site is optimized with the Yoast SEO plugin v27.5 - https:\/\/yoast.com\/product\/yoast-seo-wordpress\/ -->\n<title>HM Lang Gr\u00fcner Veltliner Riede Steiner Schreck &quot;Kalt und Klar&quot; 2019<\/title>\n<meta name=\"description\" content=\"Kaufe HM Lang Gr\u00fcner Veltliner Riede Steiner Schreck &quot;Kalt und Klar&quot; 2019 (Gr\u00fcner Veltliner, trocken aus Krems, \u00d6sterreich) bei Wein Werte, Ihrem nachhaltigen Onlineshop.\" \/>\n<meta name=\"robots\" content=\"index, follow, max-snippet:-1, max-image-preview:large, max-video-preview:-1\" \/>\n<link rel=\"canonical\" href=\"https:\/\/wein-werte.com\/de\/produkt\/hm-lang-gruner-veltliner-riede-steiner-schreck-kalt-und-klar-2019-750ml\/\" \/>\n<meta property=\"og:locale\" content=\"de_DE\" \/>\n<meta property=\"og:type\" content=\"article\" \/>\n<meta property=\"og:title\" content=\"HM Lang Gr\u00fcner Veltliner Riede Steiner Schreck &quot;Kalt und Klar&quot; 2019\" \/>\n<meta property=\"og:description\" content=\"Kaufe HM Lang Gr\u00fcner Veltliner Riede Steiner Schreck &quot;Kalt und Klar&quot; 2019 (Gr\u00fcner Veltliner, trocken aus Krems, \u00d6sterreich) bei Wein Werte, Ihrem nachhaltigen Onlineshop.\" \/>\n<meta property=\"og:url\" content=\"https:\/\/wein-werte.com\/de\/produkt\/hm-lang-gruner-veltliner-riede-steiner-schreck-kalt-und-klar-2019-750ml\/\" \/>\n<meta property=\"og:site_name\" content=\"Wein Werte\" \/>\n<meta property=\"og:image\" content=\"https:\/\/wein-werte.com\/wp-content\/uploads\/2026\/04\/HM-Lang-Gruner-Veltliner-Riede-Steiner-Schreck-Kalt-und-Klar-2019-750ml.png\" \/>\n\t<meta property=\"og:image:width\" content=\"317\" \/>\n\t<meta property=\"og:image:height\" content=\"1124\" \/>\n\t<meta property=\"og:image:type\" content=\"image\/png\" \/>\n<meta name=\"twitter:card\" content=\"summary_large_image\" \/>\n<meta name=\"twitter:label1\" content=\"Gesch\u00e4tzte Lesezeit\" \/>\n\t<meta name=\"twitter:data1\" content=\"3\u00a0Minuten\" \/>\n<script type=\"application\/ld+json\" class=\"yoast-schema-graph\">{\"@context\":\"https:\\\/\\\/schema.org\",\"@graph\":[{\"@type\":\"WebPage\",\"@id\":\"https:\\\/\\\/wein-werte.com\\\/de\\\/produkt\\\/hm-lang-gruner-veltliner-riede-steiner-schreck-kalt-und-klar-2019-750ml\\\/\",\"url\":\"https:\\\/\\\/wein-werte.com\\\/de\\\/produkt\\\/hm-lang-gruner-veltliner-riede-steiner-schreck-kalt-und-klar-2019-750ml\\\/\",\"name\":\"HM Lang Gr\u00fcner Veltliner Riede Steiner Schreck \\\"Kalt und Klar\\\" 2019\",\"isPartOf\":{\"@id\":\"https:\\\/\\\/wein-werte.com\\\/de\\\/#website\"},\"primaryImageOfPage\":{\"@id\":\"https:\\\/\\\/wein-werte.com\\\/de\\\/produkt\\\/hm-lang-gruner-veltliner-riede-steiner-schreck-kalt-und-klar-2019-750ml\\\/#primaryimage\"},\"image\":{\"@id\":\"https:\\\/\\\/wein-werte.com\\\/de\\\/produkt\\\/hm-lang-gruner-veltliner-riede-steiner-schreck-kalt-und-klar-2019-750ml\\\/#primaryimage\"},\"thumbnailUrl\":\"https:\\\/\\\/wein-werte.com\\\/wp-content\\\/uploads\\\/2026\\\/04\\\/HM-Lang-Gruner-Veltliner-Riede-Steiner-Schreck-Kalt-und-Klar-2019-750ml.png\",\"datePublished\":\"2026-04-27T10:17:26+00:00\",\"description\":\"Kaufe HM Lang Gr\u00fcner Veltliner Riede Steiner Schreck \\\"Kalt und Klar\\\" 2019 (Gr\u00fcner Veltliner, trocken aus Krems, \u00d6sterreich) bei Wein Werte, Ihrem nachhaltigen Onlineshop.\",\"breadcrumb\":{\"@id\":\"https:\\\/\\\/wein-werte.com\\\/de\\\/produkt\\\/hm-lang-gruner-veltliner-riede-steiner-schreck-kalt-und-klar-2019-750ml\\\/#breadcrumb\"},\"inLanguage\":\"de\",\"potentialAction\":[{\"@type\":\"ReadAction\",\"target\":[\"https:\\\/\\\/wein-werte.com\\\/de\\\/produkt\\\/hm-lang-gruner-veltliner-riede-steiner-schreck-kalt-und-klar-2019-750ml\\\/\"]}]},{\"@type\":\"ImageObject\",\"inLanguage\":\"de\",\"@id\":\"https:\\\/\\\/wein-werte.com\\\/de\\\/produkt\\\/hm-lang-gruner-veltliner-riede-steiner-schreck-kalt-und-klar-2019-750ml\\\/#primaryimage\",\"url\":\"https:\\\/\\\/wein-werte.com\\\/wp-content\\\/uploads\\\/2026\\\/04\\\/HM-Lang-Gruner-Veltliner-Riede-Steiner-Schreck-Kalt-und-Klar-2019-750ml.png\",\"contentUrl\":\"https:\\\/\\\/wein-werte.com\\\/wp-content\\\/uploads\\\/2026\\\/04\\\/HM-Lang-Gruner-Veltliner-Riede-Steiner-Schreck-Kalt-und-Klar-2019-750ml.png\",\"width\":317,\"height\":1124,\"caption\":\"HM Lang Gr\u00fcner Veltliner Riede Steiner Schreck \\\"Kalt und Klar\\\" 2019 750ml\"},{\"@type\":\"BreadcrumbList\",\"@id\":\"https:\\\/\\\/wein-werte.com\\\/de\\\/produkt\\\/hm-lang-gruner-veltliner-riede-steiner-schreck-kalt-und-klar-2019-750ml\\\/#breadcrumb\",\"itemListElement\":[{\"@type\":\"ListItem\",\"position\":1,\"name\":\"Home\",\"item\":\"https:\\\/\\\/wein-werte.com\\\/de\\\/\"},{\"@type\":\"ListItem\",\"position\":2,\"name\":\"Shop\",\"item\":\"https:\\\/\\\/wein-werte.com\\\/de\\\/shop\\\/\"},{\"@type\":\"ListItem\",\"position\":3,\"name\":\"HM Lang | Krems | Gr\u00fcner Veltliner Riede Steiner Schreck &#8220;Kalt und Klar&#8221; | 2019 | 750ml | bio\"}]},{\"@type\":\"WebSite\",\"@id\":\"https:\\\/\\\/wein-werte.com\\\/de\\\/#website\",\"url\":\"https:\\\/\\\/wein-werte.com\\\/de\\\/\",\"name\":\"Wein Werte\",\"description\":\"\",\"publisher\":{\"@id\":\"https:\\\/\\\/wein-werte.com\\\/de\\\/#organization\"},\"potentialAction\":[{\"@type\":\"SearchAction\",\"target\":{\"@type\":\"EntryPoint\",\"urlTemplate\":\"https:\\\/\\\/wein-werte.com\\\/de\\\/?s={search_term_string}\"},\"query-input\":{\"@type\":\"PropertyValueSpecification\",\"valueRequired\":true,\"valueName\":\"search_term_string\"}}],\"inLanguage\":\"de\"},{\"@type\":\"Organization\",\"@id\":\"https:\\\/\\\/wein-werte.com\\\/de\\\/#organization\",\"name\":\"Vins Fins Thorrold\",\"url\":\"https:\\\/\\\/wein-werte.com\\\/de\\\/\",\"logo\":{\"@type\":\"ImageObject\",\"inLanguage\":\"de\",\"@id\":\"https:\\\/\\\/wein-werte.com\\\/de\\\/#\\\/schema\\\/logo\\\/image\\\/\",\"url\":\"https:\\\/\\\/wein-werte.com\\\/wp-content\\\/uploads\\\/2023\\\/07\\\/Wein_werte_Logo700-1.png\",\"contentUrl\":\"https:\\\/\\\/wein-werte.com\\\/wp-content\\\/uploads\\\/2023\\\/07\\\/Wein_werte_Logo700-1.png\",\"width\":700,\"height\":272,\"caption\":\"Vins Fins Thorrold\"},\"image\":{\"@id\":\"https:\\\/\\\/wein-werte.com\\\/de\\\/#\\\/schema\\\/logo\\\/image\\\/\"}}]}<\/script>\n<!-- \/ Yoast SEO plugin. -->","yoast_head_json":{"title":"HM Lang Gr\u00fcner Veltliner Riede Steiner Schreck \"Kalt und Klar\" 2019","description":"Kaufe HM Lang Gr\u00fcner Veltliner Riede Steiner Schreck \"Kalt und Klar\" 2019 (Gr\u00fcner Veltliner, trocken aus Krems, \u00d6sterreich) bei Wein Werte, Ihrem nachhaltigen Onlineshop.","robots":{"index":"index","follow":"follow","max-snippet":"max-snippet:-1","max-image-preview":"max-image-preview:large","max-video-preview":"max-video-preview:-1"},"canonical":"https:\/\/wein-werte.com\/de\/produkt\/hm-lang-gruner-veltliner-riede-steiner-schreck-kalt-und-klar-2019-750ml\/","og_locale":"de_DE","og_type":"article","og_title":"HM Lang Gr\u00fcner Veltliner Riede Steiner Schreck \"Kalt und Klar\" 2019","og_description":"Kaufe HM Lang Gr\u00fcner Veltliner Riede Steiner Schreck \"Kalt und Klar\" 2019 (Gr\u00fcner Veltliner, trocken aus Krems, \u00d6sterreich) bei Wein Werte, Ihrem nachhaltigen Onlineshop.","og_url":"https:\/\/wein-werte.com\/de\/produkt\/hm-lang-gruner-veltliner-riede-steiner-schreck-kalt-und-klar-2019-750ml\/","og_site_name":"Wein Werte","og_image":[{"width":317,"height":1124,"url":"https:\/\/wein-werte.com\/wp-content\/uploads\/2026\/04\/HM-Lang-Gruner-Veltliner-Riede-Steiner-Schreck-Kalt-und-Klar-2019-750ml.png","type":"image\/png"}],"twitter_card":"summary_large_image","twitter_misc":{"Gesch\u00e4tzte Lesezeit":"3\u00a0Minuten"},"schema":{"@context":"https:\/\/schema.org","@graph":[{"@type":"WebPage","@id":"https:\/\/wein-werte.com\/de\/produkt\/hm-lang-gruner-veltliner-riede-steiner-schreck-kalt-und-klar-2019-750ml\/","url":"https:\/\/wein-werte.com\/de\/produkt\/hm-lang-gruner-veltliner-riede-steiner-schreck-kalt-und-klar-2019-750ml\/","name":"HM Lang Gr\u00fcner Veltliner Riede Steiner Schreck \"Kalt und Klar\" 2019","isPartOf":{"@id":"https:\/\/wein-werte.com\/de\/#website"},"primaryImageOfPage":{"@id":"https:\/\/wein-werte.com\/de\/produkt\/hm-lang-gruner-veltliner-riede-steiner-schreck-kalt-und-klar-2019-750ml\/#primaryimage"},"image":{"@id":"https:\/\/wein-werte.com\/de\/produkt\/hm-lang-gruner-veltliner-riede-steiner-schreck-kalt-und-klar-2019-750ml\/#primaryimage"},"thumbnailUrl":"https:\/\/wein-werte.com\/wp-content\/uploads\/2026\/04\/HM-Lang-Gruner-Veltliner-Riede-Steiner-Schreck-Kalt-und-Klar-2019-750ml.png","datePublished":"2026-04-27T10:17:26+00:00","description":"Kaufe HM Lang Gr\u00fcner Veltliner Riede Steiner Schreck \"Kalt und Klar\" 2019 (Gr\u00fcner Veltliner, trocken aus Krems, \u00d6sterreich) bei Wein Werte, Ihrem nachhaltigen Onlineshop.","breadcrumb":{"@id":"https:\/\/wein-werte.com\/de\/produkt\/hm-lang-gruner-veltliner-riede-steiner-schreck-kalt-und-klar-2019-750ml\/#breadcrumb"},"inLanguage":"de","potentialAction":[{"@type":"ReadAction","target":["https:\/\/wein-werte.com\/de\/produkt\/hm-lang-gruner-veltliner-riede-steiner-schreck-kalt-und-klar-2019-750ml\/"]}]},{"@type":"ImageObject","inLanguage":"de","@id":"https:\/\/wein-werte.com\/de\/produkt\/hm-lang-gruner-veltliner-riede-steiner-schreck-kalt-und-klar-2019-750ml\/#primaryimage","url":"https:\/\/wein-werte.com\/wp-content\/uploads\/2026\/04\/HM-Lang-Gruner-Veltliner-Riede-Steiner-Schreck-Kalt-und-Klar-2019-750ml.png","contentUrl":"https:\/\/wein-werte.com\/wp-content\/uploads\/2026\/04\/HM-Lang-Gruner-Veltliner-Riede-Steiner-Schreck-Kalt-und-Klar-2019-750ml.png","width":317,"height":1124,"caption":"HM Lang Gr\u00fcner Veltliner Riede Steiner Schreck \"Kalt und Klar\" 2019 750ml"},{"@type":"BreadcrumbList","@id":"https:\/\/wein-werte.com\/de\/produkt\/hm-lang-gruner-veltliner-riede-steiner-schreck-kalt-und-klar-2019-750ml\/#breadcrumb","itemListElement":[{"@type":"ListItem","position":1,"name":"Home","item":"https:\/\/wein-werte.com\/de\/"},{"@type":"ListItem","position":2,"name":"Shop","item":"https:\/\/wein-werte.com\/de\/shop\/"},{"@type":"ListItem","position":3,"name":"HM Lang | Krems | Gr\u00fcner Veltliner Riede Steiner Schreck &#8220;Kalt und Klar&#8221; | 2019 | 750ml | bio"}]},{"@type":"WebSite","@id":"https:\/\/wein-werte.com\/de\/#website","url":"https:\/\/wein-werte.com\/de\/","name":"Wein Werte","description":"","publisher":{"@id":"https:\/\/wein-werte.com\/de\/#organization"},"potentialAction":[{"@type":"SearchAction","target":{"@type":"EntryPoint","urlTemplate":"https:\/\/wein-werte.com\/de\/?s={search_term_string}"},"query-input":{"@type":"PropertyValueSpecification","valueRequired":true,"valueName":"search_term_string"}}],"inLanguage":"de"},{"@type":"Organization","@id":"https:\/\/wein-werte.com\/de\/#organization","name":"Vins Fins Thorrold","url":"https:\/\/wein-werte.com\/de\/","logo":{"@type":"ImageObject","inLanguage":"de","@id":"https:\/\/wein-werte.com\/de\/#\/schema\/logo\/image\/","url":"https:\/\/wein-werte.com\/wp-content\/uploads\/2023\/07\/Wein_werte_Logo700-1.png","contentUrl":"https:\/\/wein-werte.com\/wp-content\/uploads\/2023\/07\/Wein_werte_Logo700-1.png","width":700,"height":272,"caption":"Vins Fins Thorrold"},"image":{"@id":"https:\/\/wein-werte.com\/de\/#\/schema\/logo\/image\/"}}]}},"_links":{"self":[{"href":"https:\/\/wein-werte.com\/de\/wp-json\/wp\/v2\/product\/1125741","targetHints":{"allow":["GET"]}}],"collection":[{"href":"https:\/\/wein-werte.com\/de\/wp-json\/wp\/v2\/product"}],"about":[{"href":"https:\/\/wein-werte.com\/de\/wp-json\/wp\/v2\/types\/product"}],"wp:featuredmedia":[{"embeddable":true,"href":"https:\/\/wein-werte.com\/de\/wp-json\/wp\/v2\/media\/1138054"}],"wp:attachment":[{"href":"https:\/\/wein-werte.com\/de\/wp-json\/wp\/v2\/media?parent=1125741"}],"wp:term":[{"taxonomy":"product_brand","embeddable":true,"href":"https:\/\/wein-werte.com\/de\/wp-json\/wp\/v2\/product_brand?post=1125741"},{"taxonomy":"product_cat","embeddable":true,"href":"https:\/\/wein-werte.com\/de\/wp-json\/wp\/v2\/product_cat?post=1125741"},{"taxonomy":"product_tag","embeddable":true,"href":"https:\/\/wein-werte.com\/de\/wp-json\/wp\/v2\/product_tag?post=1125741"}],"curies":[{"name":"wp","href":"https:\/\/api.w.org\/{rel}","templated":true}]}}