{"id":1125657,"date":"2026-04-27T12:17:20","date_gmt":"2026-04-27T10:17:20","guid":{"rendered":"https:\/\/wein-werte.com\/product\/nittnaus-anita-und-hans-gruner-veltliner-elektra-2022-750ml\/"},"modified":"2026-04-27T11:38:08","modified_gmt":"2026-04-27T09:38:08","slug":"nittnaus-anita-plus-hans-gruner-veltliner-elektra-2022-750ml","status":"publish","type":"product","link":"https:\/\/wein-werte.com\/de\/produkt\/nittnaus-anita-plus-hans-gruner-veltliner-elektra-2022-750ml\/","title":{"rendered":"Nittnaus Anita &#038; Hans | Burgenland\/Neusiedlersee | Gr\u00fcner Veltliner Elektra | 2022 | 750ml | bio"},"content":{"rendered":"<p>Produktbeschreibung f\u00fcr Nittnaus Anita &#038; Hans Gr\u00fcner Veltliner Elektra 2022 (bio)<\/p>\n<p>Der Elektra stammt aus einer alten Veltliner Anlage in Jois namens Lindauer. Extrem kalkhaltig ergibt diese Lage markante Weine mit expressiver Mineralik. Von Hand gelesen und anschlie\u00dfend traditionell im Holzfass vergoren und f\u00fcr 12 Monate auf der Vollhefe ausgebaut. <\/p>\n<h5>Farbe<\/h5>\n<p> Goldgelb mit seidenmatter Tr\u00fcbung. <\/p>\n<h5>Nase<\/h5>\n<p> Der 2022 Elektra von Nittnaus ist eine zeitgen\u00f6ssische Interpretation der Sorte, die zunehmend von Hitze geplagt wird. Die Nase changiert wie ein Kaleidoskop zwischen Hefe und pikanter G\u00e4raromatik, fein oxidiertem Kernobst und milden Gew\u00fcrznoten wie fermentiertem Pfeffer. Kr\u00e4uterw\u00fcrzig herb, Hopfen, Kerbel und Most, dann wieder florale Noten. Schillernd und in stetem Wandel. <\/p>\n<h5>Mund<\/h5>\n<p> Im Antrunk straff mit fein konturierender Phenolik und aromatisch herbem Framing. Guter Grip mit animierender Adstringenz und anregendem Bitterton, vom Apfel nur die Herznoten, Kerne und Schale statt sattem Saft. Herrlich unaufgeregt aufgeregt ist dies ein Veltliner ohne Hochglanz-Politur, stattdessen seidenmatt bis Hammerschlag. Animierend herbes Tonikum mit rasantem Trinkfluss.<\/p>\n<p>Copyright Vinaturel 2025<\/p>\n<p>Keywords: <a href=\"https:\/\/wein-werte.com\/de\/shop\/?swoof=1&#038;pa_producer=Nittnaus-Anita-&#038;-Hans\">Nittnaus Anita &#038; Hans<\/a> <a href=\"https:\/\/wein-werte.com\/de\/shop\/?swoof=1&#038;woof_text=Gr\u00fcner Veltliner Elektra\">Gr\u00fcner Veltliner Elektra<\/a> 2022 bio <a href=\"https:\/\/wein-werte.com\/de\/shop\/?swoof=1&#038;pa_region=Burgenland\/Neusiedlersee\">Burgenland\/Neusiedlersee<\/a> <a href=\"https:\/\/wein-werte.com\/de\/shop\/?swoof=1&#038;pa_country=\u00d6sterreich\">\u00d6sterreich<\/a><\/p>\n<h3>Vinous<\/h3>\n<p>Punkte: 89<\/p>\n<p>Der Elektra Weiss 2022 ist ein reinsortiger Gr\u00fcner Veltliner aus den Kalksteinlagen Lindauer und Altenberg in Jois. Dieser Wei\u00dfwein duftet fast nach reifen, saftigen Heidelbeeren. Am Gaumen pr\u00e4sentiert er eine sch\u00f6ne phenolische Note mit einer wunderbaren Frische im Kern, die den Fokus lenkt und die Energie b\u00fcndelt. Diese post-malolaktische Frische eines warmen Jahrgangs ist erstaunlich. Der 2022er ist rund, aber dennoch spritzig, mit subtiler W\u00fcrze am Gaumen und einem k\u00f6stlichen Abgang. (Knochentrocken) \u2013 Anne Krebiehl MW<br \/>Trinkfenster: 2023\u20132030<br \/>Testdatum: Februar 2024<\/p>\n<p>Internetseite des Weinguts: <a href=\"https:\/\/nittnaus.wine\/\" target=\"_blank\">https:\/\/nittnaus.wine\/<\/a><\/p>\n","protected":false},"excerpt":{"rendered":"<p>Lieferzeit: 1 bis 2 Arbeitstage (DE), 2 bis 5 Arbeitstage (EU and CH)<\/p>\n","protected":false},"featured_media":1137984,"template":"","meta":[],"product_brand":[],"product_cat":[19],"product_tag":[],"class_list":{"0":"post-1125657","1":"product","2":"type-product","3":"status-publish","4":"has-post-thumbnail","6":"product_cat-unkategorisiert","7":"pa_alcohol-for-filter-12-5","8":"pa_certified-biodynamic-ja-de","9":"pa_certified-organic-ja-de","10":"pa_colour-weiss","11":"pa_country-osterreich","12":"pa_grape-gruner-veltliner","13":"pa_price-for-filter-10568","14":"pa_producer-nittnaus-anita-hans","15":"pa_region-burgenland-neusiedlersee","16":"pa_size-ml-6584","17":"pa_sweetness-trocken-de","18":"pa_type-2-still-de","19":"pa_vinous-points-for-filter-20023","20":"pa_vintage-2022-de","21":"entry","22":"has-media","24":"first","25":"instock","26":"taxable","27":"shipping-taxable","28":"purchasable","29":"product-type-simple"},"yoast_head":"<!-- This site is optimized with the Yoast SEO plugin v27.5 - https:\/\/yoast.com\/product\/yoast-seo-wordpress\/ -->\n<title>Nittnaus Anita &amp; Hans Gr\u00fcner Veltliner Elektra 2022<\/title>\n<meta name=\"description\" content=\"Kaufe Nittnaus Anita &amp; Hans Gr\u00fcner Veltliner Elektra 2022 (Gr\u00fcner Veltliner, trocken aus Burgenland\/Neusiedlersee, \u00d6sterreich) bei Wein Werte, Ihrem nachhaltigen Onlineshop.\" \/>\n<meta name=\"robots\" content=\"index, follow, max-snippet:-1, max-image-preview:large, max-video-preview:-1\" \/>\n<link rel=\"canonical\" href=\"https:\/\/wein-werte.com\/de\/produkt\/nittnaus-anita-plus-hans-gruner-veltliner-elektra-2022-750ml\/\" \/>\n<meta property=\"og:locale\" content=\"de_DE\" \/>\n<meta property=\"og:type\" content=\"article\" \/>\n<meta property=\"og:title\" content=\"Nittnaus Anita &amp; Hans Gr\u00fcner Veltliner Elektra 2022\" \/>\n<meta property=\"og:description\" content=\"Kaufe Nittnaus Anita &amp; Hans Gr\u00fcner Veltliner Elektra 2022 (Gr\u00fcner Veltliner, trocken aus Burgenland\/Neusiedlersee, \u00d6sterreich) bei Wein Werte, Ihrem nachhaltigen Onlineshop.\" \/>\n<meta property=\"og:url\" content=\"https:\/\/wein-werte.com\/de\/produkt\/nittnaus-anita-plus-hans-gruner-veltliner-elektra-2022-750ml\/\" \/>\n<meta property=\"og:site_name\" content=\"Wein Werte\" \/>\n<meta property=\"og:image\" content=\"https:\/\/wein-werte.com\/wp-content\/uploads\/2026\/04\/Nittnaus-Anita-und-Hans-Gruner-Veltliner-Elektra-2022-750ml.png\" \/>\n\t<meta property=\"og:image:width\" content=\"321\" \/>\n\t<meta property=\"og:image:height\" content=\"1200\" \/>\n\t<meta property=\"og:image:type\" content=\"image\/png\" \/>\n<meta name=\"twitter:card\" content=\"summary_large_image\" \/>\n<meta name=\"twitter:label1\" content=\"Gesch\u00e4tzte Lesezeit\" \/>\n\t<meta name=\"twitter:data1\" content=\"1\u00a0Minute\" \/>\n<script type=\"application\/ld+json\" class=\"yoast-schema-graph\">{\"@context\":\"https:\\\/\\\/schema.org\",\"@graph\":[{\"@type\":\"WebPage\",\"@id\":\"https:\\\/\\\/wein-werte.com\\\/de\\\/produkt\\\/nittnaus-anita-plus-hans-gruner-veltliner-elektra-2022-750ml\\\/\",\"url\":\"https:\\\/\\\/wein-werte.com\\\/de\\\/produkt\\\/nittnaus-anita-plus-hans-gruner-veltliner-elektra-2022-750ml\\\/\",\"name\":\"Nittnaus Anita & Hans Gr\u00fcner Veltliner Elektra 2022\",\"isPartOf\":{\"@id\":\"https:\\\/\\\/wein-werte.com\\\/de\\\/#website\"},\"primaryImageOfPage\":{\"@id\":\"https:\\\/\\\/wein-werte.com\\\/de\\\/produkt\\\/nittnaus-anita-plus-hans-gruner-veltliner-elektra-2022-750ml\\\/#primaryimage\"},\"image\":{\"@id\":\"https:\\\/\\\/wein-werte.com\\\/de\\\/produkt\\\/nittnaus-anita-plus-hans-gruner-veltliner-elektra-2022-750ml\\\/#primaryimage\"},\"thumbnailUrl\":\"https:\\\/\\\/wein-werte.com\\\/wp-content\\\/uploads\\\/2026\\\/04\\\/Nittnaus-Anita-und-Hans-Gruner-Veltliner-Elektra-2022-750ml.png\",\"datePublished\":\"2026-04-27T10:17:20+00:00\",\"description\":\"Kaufe Nittnaus Anita & Hans Gr\u00fcner Veltliner Elektra 2022 (Gr\u00fcner Veltliner, trocken aus Burgenland\\\/Neusiedlersee, \u00d6sterreich) bei Wein Werte, Ihrem nachhaltigen Onlineshop.\",\"breadcrumb\":{\"@id\":\"https:\\\/\\\/wein-werte.com\\\/de\\\/produkt\\\/nittnaus-anita-plus-hans-gruner-veltliner-elektra-2022-750ml\\\/#breadcrumb\"},\"inLanguage\":\"de\",\"potentialAction\":[{\"@type\":\"ReadAction\",\"target\":[\"https:\\\/\\\/wein-werte.com\\\/de\\\/produkt\\\/nittnaus-anita-plus-hans-gruner-veltliner-elektra-2022-750ml\\\/\"]}]},{\"@type\":\"ImageObject\",\"inLanguage\":\"de\",\"@id\":\"https:\\\/\\\/wein-werte.com\\\/de\\\/produkt\\\/nittnaus-anita-plus-hans-gruner-veltliner-elektra-2022-750ml\\\/#primaryimage\",\"url\":\"https:\\\/\\\/wein-werte.com\\\/wp-content\\\/uploads\\\/2026\\\/04\\\/Nittnaus-Anita-und-Hans-Gruner-Veltliner-Elektra-2022-750ml.png\",\"contentUrl\":\"https:\\\/\\\/wein-werte.com\\\/wp-content\\\/uploads\\\/2026\\\/04\\\/Nittnaus-Anita-und-Hans-Gruner-Veltliner-Elektra-2022-750ml.png\",\"width\":321,\"height\":1200,\"caption\":\"Nittnaus Anita & Hans Gr\u00fcner Veltliner Elektra 2022 750ml\"},{\"@type\":\"BreadcrumbList\",\"@id\":\"https:\\\/\\\/wein-werte.com\\\/de\\\/produkt\\\/nittnaus-anita-plus-hans-gruner-veltliner-elektra-2022-750ml\\\/#breadcrumb\",\"itemListElement\":[{\"@type\":\"ListItem\",\"position\":1,\"name\":\"Home\",\"item\":\"https:\\\/\\\/wein-werte.com\\\/de\\\/\"},{\"@type\":\"ListItem\",\"position\":2,\"name\":\"Shop\",\"item\":\"https:\\\/\\\/wein-werte.com\\\/de\\\/shop\\\/\"},{\"@type\":\"ListItem\",\"position\":3,\"name\":\"Nittnaus Anita &#038; Hans | Burgenland\\\/Neusiedlersee | Gr\u00fcner Veltliner Elektra | 2022 | 750ml | bio\"}]},{\"@type\":\"WebSite\",\"@id\":\"https:\\\/\\\/wein-werte.com\\\/de\\\/#website\",\"url\":\"https:\\\/\\\/wein-werte.com\\\/de\\\/\",\"name\":\"Wein Werte\",\"description\":\"\",\"publisher\":{\"@id\":\"https:\\\/\\\/wein-werte.com\\\/de\\\/#organization\"},\"potentialAction\":[{\"@type\":\"SearchAction\",\"target\":{\"@type\":\"EntryPoint\",\"urlTemplate\":\"https:\\\/\\\/wein-werte.com\\\/de\\\/?s={search_term_string}\"},\"query-input\":{\"@type\":\"PropertyValueSpecification\",\"valueRequired\":true,\"valueName\":\"search_term_string\"}}],\"inLanguage\":\"de\"},{\"@type\":\"Organization\",\"@id\":\"https:\\\/\\\/wein-werte.com\\\/de\\\/#organization\",\"name\":\"Vins Fins Thorrold\",\"url\":\"https:\\\/\\\/wein-werte.com\\\/de\\\/\",\"logo\":{\"@type\":\"ImageObject\",\"inLanguage\":\"de\",\"@id\":\"https:\\\/\\\/wein-werte.com\\\/de\\\/#\\\/schema\\\/logo\\\/image\\\/\",\"url\":\"https:\\\/\\\/wein-werte.com\\\/wp-content\\\/uploads\\\/2023\\\/07\\\/Wein_werte_Logo700-1.png\",\"contentUrl\":\"https:\\\/\\\/wein-werte.com\\\/wp-content\\\/uploads\\\/2023\\\/07\\\/Wein_werte_Logo700-1.png\",\"width\":700,\"height\":272,\"caption\":\"Vins Fins Thorrold\"},\"image\":{\"@id\":\"https:\\\/\\\/wein-werte.com\\\/de\\\/#\\\/schema\\\/logo\\\/image\\\/\"}}]}<\/script>\n<!-- \/ Yoast SEO plugin. -->","yoast_head_json":{"title":"Nittnaus Anita & Hans Gr\u00fcner Veltliner Elektra 2022","description":"Kaufe Nittnaus Anita & Hans Gr\u00fcner Veltliner Elektra 2022 (Gr\u00fcner Veltliner, trocken aus Burgenland\/Neusiedlersee, \u00d6sterreich) bei Wein Werte, Ihrem nachhaltigen Onlineshop.","robots":{"index":"index","follow":"follow","max-snippet":"max-snippet:-1","max-image-preview":"max-image-preview:large","max-video-preview":"max-video-preview:-1"},"canonical":"https:\/\/wein-werte.com\/de\/produkt\/nittnaus-anita-plus-hans-gruner-veltliner-elektra-2022-750ml\/","og_locale":"de_DE","og_type":"article","og_title":"Nittnaus Anita & Hans Gr\u00fcner Veltliner Elektra 2022","og_description":"Kaufe Nittnaus Anita & Hans Gr\u00fcner Veltliner Elektra 2022 (Gr\u00fcner Veltliner, trocken aus Burgenland\/Neusiedlersee, \u00d6sterreich) bei Wein Werte, Ihrem nachhaltigen Onlineshop.","og_url":"https:\/\/wein-werte.com\/de\/produkt\/nittnaus-anita-plus-hans-gruner-veltliner-elektra-2022-750ml\/","og_site_name":"Wein Werte","og_image":[{"width":321,"height":1200,"url":"https:\/\/wein-werte.com\/wp-content\/uploads\/2026\/04\/Nittnaus-Anita-und-Hans-Gruner-Veltliner-Elektra-2022-750ml.png","type":"image\/png"}],"twitter_card":"summary_large_image","twitter_misc":{"Gesch\u00e4tzte Lesezeit":"1\u00a0Minute"},"schema":{"@context":"https:\/\/schema.org","@graph":[{"@type":"WebPage","@id":"https:\/\/wein-werte.com\/de\/produkt\/nittnaus-anita-plus-hans-gruner-veltliner-elektra-2022-750ml\/","url":"https:\/\/wein-werte.com\/de\/produkt\/nittnaus-anita-plus-hans-gruner-veltliner-elektra-2022-750ml\/","name":"Nittnaus Anita & Hans Gr\u00fcner Veltliner Elektra 2022","isPartOf":{"@id":"https:\/\/wein-werte.com\/de\/#website"},"primaryImageOfPage":{"@id":"https:\/\/wein-werte.com\/de\/produkt\/nittnaus-anita-plus-hans-gruner-veltliner-elektra-2022-750ml\/#primaryimage"},"image":{"@id":"https:\/\/wein-werte.com\/de\/produkt\/nittnaus-anita-plus-hans-gruner-veltliner-elektra-2022-750ml\/#primaryimage"},"thumbnailUrl":"https:\/\/wein-werte.com\/wp-content\/uploads\/2026\/04\/Nittnaus-Anita-und-Hans-Gruner-Veltliner-Elektra-2022-750ml.png","datePublished":"2026-04-27T10:17:20+00:00","description":"Kaufe Nittnaus Anita & Hans Gr\u00fcner Veltliner Elektra 2022 (Gr\u00fcner Veltliner, trocken aus Burgenland\/Neusiedlersee, \u00d6sterreich) bei Wein Werte, Ihrem nachhaltigen Onlineshop.","breadcrumb":{"@id":"https:\/\/wein-werte.com\/de\/produkt\/nittnaus-anita-plus-hans-gruner-veltliner-elektra-2022-750ml\/#breadcrumb"},"inLanguage":"de","potentialAction":[{"@type":"ReadAction","target":["https:\/\/wein-werte.com\/de\/produkt\/nittnaus-anita-plus-hans-gruner-veltliner-elektra-2022-750ml\/"]}]},{"@type":"ImageObject","inLanguage":"de","@id":"https:\/\/wein-werte.com\/de\/produkt\/nittnaus-anita-plus-hans-gruner-veltliner-elektra-2022-750ml\/#primaryimage","url":"https:\/\/wein-werte.com\/wp-content\/uploads\/2026\/04\/Nittnaus-Anita-und-Hans-Gruner-Veltliner-Elektra-2022-750ml.png","contentUrl":"https:\/\/wein-werte.com\/wp-content\/uploads\/2026\/04\/Nittnaus-Anita-und-Hans-Gruner-Veltliner-Elektra-2022-750ml.png","width":321,"height":1200,"caption":"Nittnaus Anita & Hans Gr\u00fcner Veltliner Elektra 2022 750ml"},{"@type":"BreadcrumbList","@id":"https:\/\/wein-werte.com\/de\/produkt\/nittnaus-anita-plus-hans-gruner-veltliner-elektra-2022-750ml\/#breadcrumb","itemListElement":[{"@type":"ListItem","position":1,"name":"Home","item":"https:\/\/wein-werte.com\/de\/"},{"@type":"ListItem","position":2,"name":"Shop","item":"https:\/\/wein-werte.com\/de\/shop\/"},{"@type":"ListItem","position":3,"name":"Nittnaus Anita &#038; Hans | Burgenland\/Neusiedlersee | Gr\u00fcner Veltliner Elektra | 2022 | 750ml | bio"}]},{"@type":"WebSite","@id":"https:\/\/wein-werte.com\/de\/#website","url":"https:\/\/wein-werte.com\/de\/","name":"Wein Werte","description":"","publisher":{"@id":"https:\/\/wein-werte.com\/de\/#organization"},"potentialAction":[{"@type":"SearchAction","target":{"@type":"EntryPoint","urlTemplate":"https:\/\/wein-werte.com\/de\/?s={search_term_string}"},"query-input":{"@type":"PropertyValueSpecification","valueRequired":true,"valueName":"search_term_string"}}],"inLanguage":"de"},{"@type":"Organization","@id":"https:\/\/wein-werte.com\/de\/#organization","name":"Vins Fins Thorrold","url":"https:\/\/wein-werte.com\/de\/","logo":{"@type":"ImageObject","inLanguage":"de","@id":"https:\/\/wein-werte.com\/de\/#\/schema\/logo\/image\/","url":"https:\/\/wein-werte.com\/wp-content\/uploads\/2023\/07\/Wein_werte_Logo700-1.png","contentUrl":"https:\/\/wein-werte.com\/wp-content\/uploads\/2023\/07\/Wein_werte_Logo700-1.png","width":700,"height":272,"caption":"Vins Fins Thorrold"},"image":{"@id":"https:\/\/wein-werte.com\/de\/#\/schema\/logo\/image\/"}}]}},"_links":{"self":[{"href":"https:\/\/wein-werte.com\/de\/wp-json\/wp\/v2\/product\/1125657","targetHints":{"allow":["GET"]}}],"collection":[{"href":"https:\/\/wein-werte.com\/de\/wp-json\/wp\/v2\/product"}],"about":[{"href":"https:\/\/wein-werte.com\/de\/wp-json\/wp\/v2\/types\/product"}],"wp:featuredmedia":[{"embeddable":true,"href":"https:\/\/wein-werte.com\/de\/wp-json\/wp\/v2\/media\/1137984"}],"wp:attachment":[{"href":"https:\/\/wein-werte.com\/de\/wp-json\/wp\/v2\/media?parent=1125657"}],"wp:term":[{"taxonomy":"product_brand","embeddable":true,"href":"https:\/\/wein-werte.com\/de\/wp-json\/wp\/v2\/product_brand?post=1125657"},{"taxonomy":"product_cat","embeddable":true,"href":"https:\/\/wein-werte.com\/de\/wp-json\/wp\/v2\/product_cat?post=1125657"},{"taxonomy":"product_tag","embeddable":true,"href":"https:\/\/wein-werte.com\/de\/wp-json\/wp\/v2\/product_tag?post=1125657"}],"curies":[{"name":"wp","href":"https:\/\/api.w.org\/{rel}","templated":true}]}}