{"id":1125578,"date":"2026-04-27T12:17:11","date_gmt":"2026-04-27T10:17:11","guid":{"rendered":"https:\/\/wein-werte.com\/product\/meinklang-prosa-rose-perlwein-2024-750ml\/"},"modified":"2026-04-27T11:37:56","modified_gmt":"2026-04-27T09:37:56","slug":"meinklang-prosa-rose-perlwein-2024-750ml","status":"publish","type":"product","link":"https:\/\/wein-werte.com\/de\/produkt\/meinklang-prosa-rose-perlwein-2024-750ml\/","title":{"rendered":"Meinklang | Burgenland\/Neusiedlersee | Prosa Ros\u00e9 Perlwein trocken | 2024 | 750ml | bio"},"content":{"rendered":"<p>Produktbeschreibung f\u00fcr Meinklang Prosa Ros\u00e9 Perlwein trocken 2024 (bio)<\/p>\n<h5>Info zum Produkt<\/h5>\n<p>Der Meinklang Prosa Ros\u00e9 Perlwein 2024 stammt von Reben in der N\u00e4he des Neusiedlersees im \u00f6sterreichischen Burgenland. Die von der Familie Michlits biodynamisch bewirtschafteten Reben stehen auf schotterhaltigem Lehm. Nach der Handlese werden die Trauben sanft gepresst, kurz gemaischt und im Anschluss spontan mit weinbergseigenen Hefen vergoren.<\/p>\n<h5>Farbe\/Aussehen<\/h5>\n<p>Kr\u00e4ftiges Ros\u00e9 mit feiner P\u00e9rlage.<\/p>\n<h5>Nase<\/h5>\n<p>Der 2024er Prosa strahlt Lebensfreude aus und duftet nach hellen roten Beeren, wie roter Johannisbeere, Himbeere in Kombination mit Rhabarber, Granatapfel und etwas Kornelkirsche. Zarte Ankl\u00e4nge von Roter Bete, Waldboden und wilder Minze verleihen ihm eine reizvolle Kontur, die sich als sch\u00f6ner Kontrast zu seiner fruchtigen Pr\u00e4gung zeigt.<\/p>\n<h5>Gaumen<\/h5>\n<p>Elegant und verspielt zeigt er sich mit feinem Prickeln auf der Zunge. Seine frische und rotbeerige Frucht ist charmant, erfrischend und s\u00fcffig, ohne ins Belanglose abzudriften, daf\u00fcr sorgen die feinen w\u00fcrzigen Noten. Unkomplizierter Trinkspa\u00df mit Anspruch \u2013 mehr davon bitte, vor allem zu diesem Preis!<\/p>\n<p>Copyright Vinaturel 2025<\/p>\n<p>Keywords: <a href=\"https:\/\/wein-werte.com\/de\/shop\/?swoof=1&#038;pa_producer=Meinklang\">Meinklang<\/a> <a href=\"https:\/\/wein-werte.com\/de\/shop\/?swoof=1&#038;woof_text=Prosa Ros\u00e9 Perlwein trocken\">Prosa Ros\u00e9 Perlwein trocken<\/a> 2024 bio <a href=\"https:\/\/wein-werte.com\/de\/shop\/?swoof=1&#038;pa_region=Burgenland\/Neusiedlersee\">Burgenland\/Neusiedlersee<\/a> <a href=\"https:\/\/wein-werte.com\/de\/shop\/?swoof=1&#038;pa_country=\u00d6sterreich\">\u00d6sterreich<\/a><\/p>\n<p>Internetseite des Weinguts: <a href=\"https:\/\/meinklang.at\/en\/beginn-2\/\" target=\"_blank\">https:\/\/meinklang.at\/en\/beginn-2\/<\/a><\/p>\n","protected":false},"excerpt":{"rendered":"<p>Lieferzeit: 1 bis 2 Arbeitstage (DE), 2 bis 5 Arbeitstage (EU and CH)<\/p>\n","protected":false},"featured_media":1137924,"template":"","meta":[],"product_brand":[],"product_cat":[19],"product_tag":[],"class_list":{"0":"post-1125578","1":"product","2":"type-product","3":"status-publish","4":"has-post-thumbnail","6":"product_cat-unkategorisiert","7":"pa_alcohol-for-filter-10-5","8":"pa_certified-biodynamic-ja-de","9":"pa_certified-organic-ja-de","10":"pa_colour-rose-de","11":"pa_country-osterreich","12":"pa_grape-pinot-noir-spatburgunder","13":"pa_price-for-filter-10695","14":"pa_producer-meinklang","15":"pa_region-burgenland-neusiedlersee","16":"pa_size-ml-6584","17":"pa_sweetness-trocken-de","18":"pa_type-2-perlwein-de","19":"pa_vintage-2024-de","20":"entry","21":"has-media","23":"first","24":"instock","25":"taxable","26":"shipping-taxable","27":"purchasable","28":"product-type-simple"},"yoast_head":"<!-- This site is optimized with the Yoast SEO plugin v27.5 - https:\/\/yoast.com\/product\/yoast-seo-wordpress\/ -->\n<title>Meinklang Prosa Ros\u00e9 Perlwein 2024<\/title>\n<meta name=\"description\" content=\"Kaufe Meinklang Prosa Ros\u00e9 Perlwein 2024 (Pinot Noir, trocken Schaumwein aus Burgenland\/Neusiedlersee, \u00d6sterreich) bei Wein Werte, Ihrem nachhaltigen Onlineshop.\" \/>\n<meta name=\"robots\" content=\"index, follow, max-snippet:-1, max-image-preview:large, max-video-preview:-1\" \/>\n<link rel=\"canonical\" href=\"https:\/\/wein-werte.com\/de\/produkt\/meinklang-prosa-rose-perlwein-2024-750ml\/\" \/>\n<meta property=\"og:locale\" content=\"de_DE\" \/>\n<meta property=\"og:type\" content=\"article\" \/>\n<meta property=\"og:title\" content=\"Meinklang Prosa Ros\u00e9 Perlwein 2024\" \/>\n<meta property=\"og:description\" content=\"Kaufe Meinklang Prosa Ros\u00e9 Perlwein 2024 (Pinot Noir, trocken Schaumwein aus Burgenland\/Neusiedlersee, \u00d6sterreich) bei Wein Werte, Ihrem nachhaltigen Onlineshop.\" \/>\n<meta property=\"og:url\" content=\"https:\/\/wein-werte.com\/de\/produkt\/meinklang-prosa-rose-perlwein-2024-750ml\/\" \/>\n<meta property=\"og:site_name\" content=\"Wein Werte\" \/>\n<meta property=\"og:image\" content=\"https:\/\/wein-werte.com\/wp-content\/uploads\/2026\/04\/Meinklang-Prosa-Rose-Perlwein-2024-750ml.png\" \/>\n\t<meta property=\"og:image:width\" content=\"343\" \/>\n\t<meta property=\"og:image:height\" content=\"1200\" \/>\n\t<meta property=\"og:image:type\" content=\"image\/png\" \/>\n<meta name=\"twitter:card\" content=\"summary_large_image\" \/>\n<meta name=\"twitter:label1\" content=\"Gesch\u00e4tzte Lesezeit\" \/>\n\t<meta name=\"twitter:data1\" content=\"1\u00a0Minute\" \/>\n<script type=\"application\/ld+json\" class=\"yoast-schema-graph\">{\"@context\":\"https:\\\/\\\/schema.org\",\"@graph\":[{\"@type\":\"WebPage\",\"@id\":\"https:\\\/\\\/wein-werte.com\\\/de\\\/produkt\\\/meinklang-prosa-rose-perlwein-2024-750ml\\\/\",\"url\":\"https:\\\/\\\/wein-werte.com\\\/de\\\/produkt\\\/meinklang-prosa-rose-perlwein-2024-750ml\\\/\",\"name\":\"Meinklang Prosa Ros\u00e9 Perlwein 2024\",\"isPartOf\":{\"@id\":\"https:\\\/\\\/wein-werte.com\\\/de\\\/#website\"},\"primaryImageOfPage\":{\"@id\":\"https:\\\/\\\/wein-werte.com\\\/de\\\/produkt\\\/meinklang-prosa-rose-perlwein-2024-750ml\\\/#primaryimage\"},\"image\":{\"@id\":\"https:\\\/\\\/wein-werte.com\\\/de\\\/produkt\\\/meinklang-prosa-rose-perlwein-2024-750ml\\\/#primaryimage\"},\"thumbnailUrl\":\"https:\\\/\\\/wein-werte.com\\\/wp-content\\\/uploads\\\/2026\\\/04\\\/Meinklang-Prosa-Rose-Perlwein-2024-750ml.png\",\"datePublished\":\"2026-04-27T10:17:11+00:00\",\"description\":\"Kaufe Meinklang Prosa Ros\u00e9 Perlwein 2024 (Pinot Noir, trocken Schaumwein aus Burgenland\\\/Neusiedlersee, \u00d6sterreich) bei Wein Werte, Ihrem nachhaltigen Onlineshop.\",\"breadcrumb\":{\"@id\":\"https:\\\/\\\/wein-werte.com\\\/de\\\/produkt\\\/meinklang-prosa-rose-perlwein-2024-750ml\\\/#breadcrumb\"},\"inLanguage\":\"de\",\"potentialAction\":[{\"@type\":\"ReadAction\",\"target\":[\"https:\\\/\\\/wein-werte.com\\\/de\\\/produkt\\\/meinklang-prosa-rose-perlwein-2024-750ml\\\/\"]}]},{\"@type\":\"ImageObject\",\"inLanguage\":\"de\",\"@id\":\"https:\\\/\\\/wein-werte.com\\\/de\\\/produkt\\\/meinklang-prosa-rose-perlwein-2024-750ml\\\/#primaryimage\",\"url\":\"https:\\\/\\\/wein-werte.com\\\/wp-content\\\/uploads\\\/2026\\\/04\\\/Meinklang-Prosa-Rose-Perlwein-2024-750ml.png\",\"contentUrl\":\"https:\\\/\\\/wein-werte.com\\\/wp-content\\\/uploads\\\/2026\\\/04\\\/Meinklang-Prosa-Rose-Perlwein-2024-750ml.png\",\"width\":343,\"height\":1200,\"caption\":\"Meinklang Prosa Ros\u00e9 Perlwein trocken 2024 750ml\"},{\"@type\":\"BreadcrumbList\",\"@id\":\"https:\\\/\\\/wein-werte.com\\\/de\\\/produkt\\\/meinklang-prosa-rose-perlwein-2024-750ml\\\/#breadcrumb\",\"itemListElement\":[{\"@type\":\"ListItem\",\"position\":1,\"name\":\"Home\",\"item\":\"https:\\\/\\\/wein-werte.com\\\/de\\\/\"},{\"@type\":\"ListItem\",\"position\":2,\"name\":\"Shop\",\"item\":\"https:\\\/\\\/wein-werte.com\\\/de\\\/shop\\\/\"},{\"@type\":\"ListItem\",\"position\":3,\"name\":\"Meinklang | Burgenland\\\/Neusiedlersee | Prosa Ros\u00e9 Perlwein trocken | 2024 | 750ml | bio\"}]},{\"@type\":\"WebSite\",\"@id\":\"https:\\\/\\\/wein-werte.com\\\/de\\\/#website\",\"url\":\"https:\\\/\\\/wein-werte.com\\\/de\\\/\",\"name\":\"Wein Werte\",\"description\":\"\",\"publisher\":{\"@id\":\"https:\\\/\\\/wein-werte.com\\\/de\\\/#organization\"},\"potentialAction\":[{\"@type\":\"SearchAction\",\"target\":{\"@type\":\"EntryPoint\",\"urlTemplate\":\"https:\\\/\\\/wein-werte.com\\\/de\\\/?s={search_term_string}\"},\"query-input\":{\"@type\":\"PropertyValueSpecification\",\"valueRequired\":true,\"valueName\":\"search_term_string\"}}],\"inLanguage\":\"de\"},{\"@type\":\"Organization\",\"@id\":\"https:\\\/\\\/wein-werte.com\\\/de\\\/#organization\",\"name\":\"Vins Fins Thorrold\",\"url\":\"https:\\\/\\\/wein-werte.com\\\/de\\\/\",\"logo\":{\"@type\":\"ImageObject\",\"inLanguage\":\"de\",\"@id\":\"https:\\\/\\\/wein-werte.com\\\/de\\\/#\\\/schema\\\/logo\\\/image\\\/\",\"url\":\"https:\\\/\\\/wein-werte.com\\\/wp-content\\\/uploads\\\/2023\\\/07\\\/Wein_werte_Logo700-1.png\",\"contentUrl\":\"https:\\\/\\\/wein-werte.com\\\/wp-content\\\/uploads\\\/2023\\\/07\\\/Wein_werte_Logo700-1.png\",\"width\":700,\"height\":272,\"caption\":\"Vins Fins Thorrold\"},\"image\":{\"@id\":\"https:\\\/\\\/wein-werte.com\\\/de\\\/#\\\/schema\\\/logo\\\/image\\\/\"}}]}<\/script>\n<!-- \/ Yoast SEO plugin. -->","yoast_head_json":{"title":"Meinklang Prosa Ros\u00e9 Perlwein 2024","description":"Kaufe Meinklang Prosa Ros\u00e9 Perlwein 2024 (Pinot Noir, trocken Schaumwein aus Burgenland\/Neusiedlersee, \u00d6sterreich) bei Wein Werte, Ihrem nachhaltigen Onlineshop.","robots":{"index":"index","follow":"follow","max-snippet":"max-snippet:-1","max-image-preview":"max-image-preview:large","max-video-preview":"max-video-preview:-1"},"canonical":"https:\/\/wein-werte.com\/de\/produkt\/meinklang-prosa-rose-perlwein-2024-750ml\/","og_locale":"de_DE","og_type":"article","og_title":"Meinklang Prosa Ros\u00e9 Perlwein 2024","og_description":"Kaufe Meinklang Prosa Ros\u00e9 Perlwein 2024 (Pinot Noir, trocken Schaumwein aus Burgenland\/Neusiedlersee, \u00d6sterreich) bei Wein Werte, Ihrem nachhaltigen Onlineshop.","og_url":"https:\/\/wein-werte.com\/de\/produkt\/meinklang-prosa-rose-perlwein-2024-750ml\/","og_site_name":"Wein Werte","og_image":[{"width":343,"height":1200,"url":"https:\/\/wein-werte.com\/wp-content\/uploads\/2026\/04\/Meinklang-Prosa-Rose-Perlwein-2024-750ml.png","type":"image\/png"}],"twitter_card":"summary_large_image","twitter_misc":{"Gesch\u00e4tzte Lesezeit":"1\u00a0Minute"},"schema":{"@context":"https:\/\/schema.org","@graph":[{"@type":"WebPage","@id":"https:\/\/wein-werte.com\/de\/produkt\/meinklang-prosa-rose-perlwein-2024-750ml\/","url":"https:\/\/wein-werte.com\/de\/produkt\/meinklang-prosa-rose-perlwein-2024-750ml\/","name":"Meinklang Prosa Ros\u00e9 Perlwein 2024","isPartOf":{"@id":"https:\/\/wein-werte.com\/de\/#website"},"primaryImageOfPage":{"@id":"https:\/\/wein-werte.com\/de\/produkt\/meinklang-prosa-rose-perlwein-2024-750ml\/#primaryimage"},"image":{"@id":"https:\/\/wein-werte.com\/de\/produkt\/meinklang-prosa-rose-perlwein-2024-750ml\/#primaryimage"},"thumbnailUrl":"https:\/\/wein-werte.com\/wp-content\/uploads\/2026\/04\/Meinklang-Prosa-Rose-Perlwein-2024-750ml.png","datePublished":"2026-04-27T10:17:11+00:00","description":"Kaufe Meinklang Prosa Ros\u00e9 Perlwein 2024 (Pinot Noir, trocken Schaumwein aus Burgenland\/Neusiedlersee, \u00d6sterreich) bei Wein Werte, Ihrem nachhaltigen Onlineshop.","breadcrumb":{"@id":"https:\/\/wein-werte.com\/de\/produkt\/meinklang-prosa-rose-perlwein-2024-750ml\/#breadcrumb"},"inLanguage":"de","potentialAction":[{"@type":"ReadAction","target":["https:\/\/wein-werte.com\/de\/produkt\/meinklang-prosa-rose-perlwein-2024-750ml\/"]}]},{"@type":"ImageObject","inLanguage":"de","@id":"https:\/\/wein-werte.com\/de\/produkt\/meinklang-prosa-rose-perlwein-2024-750ml\/#primaryimage","url":"https:\/\/wein-werte.com\/wp-content\/uploads\/2026\/04\/Meinklang-Prosa-Rose-Perlwein-2024-750ml.png","contentUrl":"https:\/\/wein-werte.com\/wp-content\/uploads\/2026\/04\/Meinklang-Prosa-Rose-Perlwein-2024-750ml.png","width":343,"height":1200,"caption":"Meinklang Prosa Ros\u00e9 Perlwein trocken 2024 750ml"},{"@type":"BreadcrumbList","@id":"https:\/\/wein-werte.com\/de\/produkt\/meinklang-prosa-rose-perlwein-2024-750ml\/#breadcrumb","itemListElement":[{"@type":"ListItem","position":1,"name":"Home","item":"https:\/\/wein-werte.com\/de\/"},{"@type":"ListItem","position":2,"name":"Shop","item":"https:\/\/wein-werte.com\/de\/shop\/"},{"@type":"ListItem","position":3,"name":"Meinklang | Burgenland\/Neusiedlersee | Prosa Ros\u00e9 Perlwein trocken | 2024 | 750ml | bio"}]},{"@type":"WebSite","@id":"https:\/\/wein-werte.com\/de\/#website","url":"https:\/\/wein-werte.com\/de\/","name":"Wein Werte","description":"","publisher":{"@id":"https:\/\/wein-werte.com\/de\/#organization"},"potentialAction":[{"@type":"SearchAction","target":{"@type":"EntryPoint","urlTemplate":"https:\/\/wein-werte.com\/de\/?s={search_term_string}"},"query-input":{"@type":"PropertyValueSpecification","valueRequired":true,"valueName":"search_term_string"}}],"inLanguage":"de"},{"@type":"Organization","@id":"https:\/\/wein-werte.com\/de\/#organization","name":"Vins Fins Thorrold","url":"https:\/\/wein-werte.com\/de\/","logo":{"@type":"ImageObject","inLanguage":"de","@id":"https:\/\/wein-werte.com\/de\/#\/schema\/logo\/image\/","url":"https:\/\/wein-werte.com\/wp-content\/uploads\/2023\/07\/Wein_werte_Logo700-1.png","contentUrl":"https:\/\/wein-werte.com\/wp-content\/uploads\/2023\/07\/Wein_werte_Logo700-1.png","width":700,"height":272,"caption":"Vins Fins Thorrold"},"image":{"@id":"https:\/\/wein-werte.com\/de\/#\/schema\/logo\/image\/"}}]}},"_links":{"self":[{"href":"https:\/\/wein-werte.com\/de\/wp-json\/wp\/v2\/product\/1125578","targetHints":{"allow":["GET"]}}],"collection":[{"href":"https:\/\/wein-werte.com\/de\/wp-json\/wp\/v2\/product"}],"about":[{"href":"https:\/\/wein-werte.com\/de\/wp-json\/wp\/v2\/types\/product"}],"wp:featuredmedia":[{"embeddable":true,"href":"https:\/\/wein-werte.com\/de\/wp-json\/wp\/v2\/media\/1137924"}],"wp:attachment":[{"href":"https:\/\/wein-werte.com\/de\/wp-json\/wp\/v2\/media?parent=1125578"}],"wp:term":[{"taxonomy":"product_brand","embeddable":true,"href":"https:\/\/wein-werte.com\/de\/wp-json\/wp\/v2\/product_brand?post=1125578"},{"taxonomy":"product_cat","embeddable":true,"href":"https:\/\/wein-werte.com\/de\/wp-json\/wp\/v2\/product_cat?post=1125578"},{"taxonomy":"product_tag","embeddable":true,"href":"https:\/\/wein-werte.com\/de\/wp-json\/wp\/v2\/product_tag?post=1125578"}],"curies":[{"name":"wp","href":"https:\/\/api.w.org\/{rel}","templated":true}]}}