{"id":1125555,"date":"2026-04-27T12:17:08","date_gmt":"2026-04-27T10:17:08","guid":{"rendered":"https:\/\/wein-werte.com\/product\/meinklang-graupert-zweigelt-2019-750ml\/"},"modified":"2026-04-27T11:37:54","modified_gmt":"2026-04-27T09:37:54","slug":"meinklang-graupert-zweigelt-2019-750ml","status":"publish","type":"product","link":"https:\/\/wein-werte.com\/de\/produkt\/meinklang-graupert-zweigelt-2019-750ml\/","title":{"rendered":"Meinklang | Burgenland\/Neusiedlersee | Graupert Zweigelt | 2019 | 750ml | bio"},"content":{"rendered":"<p>Produktbeschreibung f\u00fcr Meinklang Graupert Zweigelt 2019 (bio)<\/p>\n<p>Meinklang ist ein Familiengef\u00fchrter Demeterhof in Pamhagen im Seewinkel am \u00f6stlichen Neusiedlersee. Die landwirtschaftliche Kreislaufwirtschaft beinhaltet die Rinderhaltung f\u00fcr den eigenen Mist ebenso wie den Obst- und Weinbau. Die Reben f\u00fcr den Graupert werden nicht zur\u00fcck gestutzt und regeln somit ihren Ertrag selbst. Das Ergebnis sind viele kleinbeerige Trauben, die zwar weniger Most, daf\u00fcr aber mehr Aroma, Extrakt und Komplexit\u00e4t mit sich bringen. Dank des Wildwuchses sieht der Wingert etwas zerzaust aus, was im Regiolekt \u201eGraupert\u201c bedeutet. <\/p>\n<h5>Farbe<\/h5>\n<p> Dunkles Purpurrot mit violettem Rand und dunklem Kern. <\/p>\n<h5>Nase<\/h5>\n<p> Mit frecher Frucht und wilder W\u00fcrze ist der 2019 Graupert von Meinklang auch in der Nase wild und strubbelig in bestem Sinne. Die wilde, dunkle Kirsch- und Zwetschgenfrucht zeigt sich etwas ungek\u00e4mmt, dazu kommt ein wilder Mix milder Gew\u00fcrze wie schwarzer Pfeffer, Nelke und Piment. Der Graupert verspricht juvenil ungest\u00fcmen Weingenuss. <\/p>\n<h5>Mund<\/h5>\n<p> Dass Rotwein fernab des kontemplativen Modus auch auf Parties in hoher Schlagzahl gebechert werden kann, best\u00e4tigt der Graupert \u00e4u\u00dferst freudvoll. Die strahlend rote Frucht wird befeuert von frischer S\u00e4ure, etwas Volatile sorgt f\u00fcr die geliebte Funkyness. Dazu kommen jugendlich ungek\u00e4mmt Gerbstoffe, die ihn herb konturieren. Der super-saftige Trunk mit herber Note nach Holunder oder Johannisbeerblatt l\u00e4sst den Kelch im Handumdrehen leeren.<\/p>\n<p>Copyright Vinaturel 2025<\/p>\n<p>Keywords: <a href=\"https:\/\/wein-werte.com\/de\/shop\/?swoof=1&#038;pa_producer=Meinklang\">Meinklang<\/a> <a href=\"https:\/\/wein-werte.com\/de\/shop\/?swoof=1&#038;woof_text=Graupert Zweigelt\">Graupert Zweigelt<\/a> 2019 bio <a href=\"https:\/\/wein-werte.com\/de\/shop\/?swoof=1&#038;pa_region=Burgenland\/Neusiedlersee\">Burgenland\/Neusiedlersee<\/a> <a href=\"https:\/\/wein-werte.com\/de\/shop\/?swoof=1&#038;pa_country=\u00d6sterreich\">\u00d6sterreich<\/a><\/p>\n<p>Internetseite des Weinguts: <a href=\"https:\/\/meinklang.at\/en\/beginn-2\/\" target=\"_blank\">https:\/\/meinklang.at\/en\/beginn-2\/<\/a><\/p>\n","protected":false},"excerpt":{"rendered":"<p>Lieferzeit: 1 bis 2 Arbeitstage (DE), 2 bis 5 Arbeitstage (EU and CH)<\/p>\n","protected":false},"featured_media":1137906,"template":"","meta":[],"product_brand":[],"product_cat":[19],"product_tag":[],"class_list":{"0":"post-1125555","1":"product","2":"type-product","3":"status-publish","4":"has-post-thumbnail","6":"product_cat-unkategorisiert","7":"pa_alcohol-for-filter-12893","8":"pa_certified-biodynamic-ja-de","9":"pa_certified-organic-ja-de","10":"pa_colour-rot","11":"pa_country-osterreich","12":"pa_grape-zweigelt","13":"pa_price-for-filter-10575","14":"pa_producer-meinklang","15":"pa_region-burgenland-neusiedlersee","16":"pa_size-ml-6584","17":"pa_sweetness-trocken-de","18":"pa_type-2-still-de","19":"pa_vintage-2019-de","20":"entry","21":"has-media","23":"first","24":"instock","25":"taxable","26":"shipping-taxable","27":"purchasable","28":"product-type-simple"},"yoast_head":"<!-- This site is optimized with the Yoast SEO plugin v27.5 - https:\/\/yoast.com\/product\/yoast-seo-wordpress\/ -->\n<title>Meinklang Graupert Zweigelt 2019<\/title>\n<meta name=\"description\" content=\"Kaufe Meinklang Graupert Zweigelt 2019 (Zweigelt, trocken aus Burgenland\/Neusiedlersee, \u00d6sterreich) bei Wein Werte, Ihrem nachhaltigen Onlineshop.\" \/>\n<meta name=\"robots\" content=\"index, follow, max-snippet:-1, max-image-preview:large, max-video-preview:-1\" \/>\n<link rel=\"canonical\" href=\"https:\/\/wein-werte.com\/de\/produkt\/meinklang-graupert-zweigelt-2019-750ml\/\" \/>\n<meta property=\"og:locale\" content=\"de_DE\" \/>\n<meta property=\"og:type\" content=\"article\" \/>\n<meta property=\"og:title\" content=\"Meinklang Graupert Zweigelt 2019\" \/>\n<meta property=\"og:description\" content=\"Kaufe Meinklang Graupert Zweigelt 2019 (Zweigelt, trocken aus Burgenland\/Neusiedlersee, \u00d6sterreich) bei Wein Werte, Ihrem nachhaltigen Onlineshop.\" \/>\n<meta property=\"og:url\" content=\"https:\/\/wein-werte.com\/de\/produkt\/meinklang-graupert-zweigelt-2019-750ml\/\" \/>\n<meta property=\"og:site_name\" content=\"Wein Werte\" \/>\n<meta property=\"og:image\" content=\"https:\/\/wein-werte.com\/wp-content\/uploads\/2026\/04\/Meinklang-Graupert-Zweigelt-2019-750ml.png\" \/>\n\t<meta property=\"og:image:width\" content=\"320\" \/>\n\t<meta property=\"og:image:height\" content=\"1200\" \/>\n\t<meta property=\"og:image:type\" content=\"image\/png\" \/>\n<meta name=\"twitter:card\" content=\"summary_large_image\" \/>\n<meta name=\"twitter:label1\" content=\"Gesch\u00e4tzte Lesezeit\" \/>\n\t<meta name=\"twitter:data1\" content=\"1\u00a0Minute\" \/>\n<script type=\"application\/ld+json\" class=\"yoast-schema-graph\">{\"@context\":\"https:\\\/\\\/schema.org\",\"@graph\":[{\"@type\":\"WebPage\",\"@id\":\"https:\\\/\\\/wein-werte.com\\\/de\\\/produkt\\\/meinklang-graupert-zweigelt-2019-750ml\\\/\",\"url\":\"https:\\\/\\\/wein-werte.com\\\/de\\\/produkt\\\/meinklang-graupert-zweigelt-2019-750ml\\\/\",\"name\":\"Meinklang Graupert Zweigelt 2019\",\"isPartOf\":{\"@id\":\"https:\\\/\\\/wein-werte.com\\\/de\\\/#website\"},\"primaryImageOfPage\":{\"@id\":\"https:\\\/\\\/wein-werte.com\\\/de\\\/produkt\\\/meinklang-graupert-zweigelt-2019-750ml\\\/#primaryimage\"},\"image\":{\"@id\":\"https:\\\/\\\/wein-werte.com\\\/de\\\/produkt\\\/meinklang-graupert-zweigelt-2019-750ml\\\/#primaryimage\"},\"thumbnailUrl\":\"https:\\\/\\\/wein-werte.com\\\/wp-content\\\/uploads\\\/2026\\\/04\\\/Meinklang-Graupert-Zweigelt-2019-750ml.png\",\"datePublished\":\"2026-04-27T10:17:08+00:00\",\"description\":\"Kaufe Meinklang Graupert Zweigelt 2019 (Zweigelt, trocken aus Burgenland\\\/Neusiedlersee, \u00d6sterreich) bei Wein Werte, Ihrem nachhaltigen Onlineshop.\",\"breadcrumb\":{\"@id\":\"https:\\\/\\\/wein-werte.com\\\/de\\\/produkt\\\/meinklang-graupert-zweigelt-2019-750ml\\\/#breadcrumb\"},\"inLanguage\":\"de\",\"potentialAction\":[{\"@type\":\"ReadAction\",\"target\":[\"https:\\\/\\\/wein-werte.com\\\/de\\\/produkt\\\/meinklang-graupert-zweigelt-2019-750ml\\\/\"]}]},{\"@type\":\"ImageObject\",\"inLanguage\":\"de\",\"@id\":\"https:\\\/\\\/wein-werte.com\\\/de\\\/produkt\\\/meinklang-graupert-zweigelt-2019-750ml\\\/#primaryimage\",\"url\":\"https:\\\/\\\/wein-werte.com\\\/wp-content\\\/uploads\\\/2026\\\/04\\\/Meinklang-Graupert-Zweigelt-2019-750ml.png\",\"contentUrl\":\"https:\\\/\\\/wein-werte.com\\\/wp-content\\\/uploads\\\/2026\\\/04\\\/Meinklang-Graupert-Zweigelt-2019-750ml.png\",\"width\":320,\"height\":1200,\"caption\":\"Meinklang Graupert Zweigelt 2019 750ml\"},{\"@type\":\"BreadcrumbList\",\"@id\":\"https:\\\/\\\/wein-werte.com\\\/de\\\/produkt\\\/meinklang-graupert-zweigelt-2019-750ml\\\/#breadcrumb\",\"itemListElement\":[{\"@type\":\"ListItem\",\"position\":1,\"name\":\"Home\",\"item\":\"https:\\\/\\\/wein-werte.com\\\/de\\\/\"},{\"@type\":\"ListItem\",\"position\":2,\"name\":\"Shop\",\"item\":\"https:\\\/\\\/wein-werte.com\\\/de\\\/shop\\\/\"},{\"@type\":\"ListItem\",\"position\":3,\"name\":\"Meinklang | Burgenland\\\/Neusiedlersee | Graupert Zweigelt | 2019 | 750ml | bio\"}]},{\"@type\":\"WebSite\",\"@id\":\"https:\\\/\\\/wein-werte.com\\\/de\\\/#website\",\"url\":\"https:\\\/\\\/wein-werte.com\\\/de\\\/\",\"name\":\"Wein Werte\",\"description\":\"\",\"publisher\":{\"@id\":\"https:\\\/\\\/wein-werte.com\\\/de\\\/#organization\"},\"potentialAction\":[{\"@type\":\"SearchAction\",\"target\":{\"@type\":\"EntryPoint\",\"urlTemplate\":\"https:\\\/\\\/wein-werte.com\\\/de\\\/?s={search_term_string}\"},\"query-input\":{\"@type\":\"PropertyValueSpecification\",\"valueRequired\":true,\"valueName\":\"search_term_string\"}}],\"inLanguage\":\"de\"},{\"@type\":\"Organization\",\"@id\":\"https:\\\/\\\/wein-werte.com\\\/de\\\/#organization\",\"name\":\"Vins Fins Thorrold\",\"url\":\"https:\\\/\\\/wein-werte.com\\\/de\\\/\",\"logo\":{\"@type\":\"ImageObject\",\"inLanguage\":\"de\",\"@id\":\"https:\\\/\\\/wein-werte.com\\\/de\\\/#\\\/schema\\\/logo\\\/image\\\/\",\"url\":\"https:\\\/\\\/wein-werte.com\\\/wp-content\\\/uploads\\\/2023\\\/07\\\/Wein_werte_Logo700-1.png\",\"contentUrl\":\"https:\\\/\\\/wein-werte.com\\\/wp-content\\\/uploads\\\/2023\\\/07\\\/Wein_werte_Logo700-1.png\",\"width\":700,\"height\":272,\"caption\":\"Vins Fins Thorrold\"},\"image\":{\"@id\":\"https:\\\/\\\/wein-werte.com\\\/de\\\/#\\\/schema\\\/logo\\\/image\\\/\"}}]}<\/script>\n<!-- \/ Yoast SEO plugin. -->","yoast_head_json":{"title":"Meinklang Graupert Zweigelt 2019","description":"Kaufe Meinklang Graupert Zweigelt 2019 (Zweigelt, trocken aus Burgenland\/Neusiedlersee, \u00d6sterreich) bei Wein Werte, Ihrem nachhaltigen Onlineshop.","robots":{"index":"index","follow":"follow","max-snippet":"max-snippet:-1","max-image-preview":"max-image-preview:large","max-video-preview":"max-video-preview:-1"},"canonical":"https:\/\/wein-werte.com\/de\/produkt\/meinklang-graupert-zweigelt-2019-750ml\/","og_locale":"de_DE","og_type":"article","og_title":"Meinklang Graupert Zweigelt 2019","og_description":"Kaufe Meinklang Graupert Zweigelt 2019 (Zweigelt, trocken aus Burgenland\/Neusiedlersee, \u00d6sterreich) bei Wein Werte, Ihrem nachhaltigen Onlineshop.","og_url":"https:\/\/wein-werte.com\/de\/produkt\/meinklang-graupert-zweigelt-2019-750ml\/","og_site_name":"Wein Werte","og_image":[{"width":320,"height":1200,"url":"https:\/\/wein-werte.com\/wp-content\/uploads\/2026\/04\/Meinklang-Graupert-Zweigelt-2019-750ml.png","type":"image\/png"}],"twitter_card":"summary_large_image","twitter_misc":{"Gesch\u00e4tzte Lesezeit":"1\u00a0Minute"},"schema":{"@context":"https:\/\/schema.org","@graph":[{"@type":"WebPage","@id":"https:\/\/wein-werte.com\/de\/produkt\/meinklang-graupert-zweigelt-2019-750ml\/","url":"https:\/\/wein-werte.com\/de\/produkt\/meinklang-graupert-zweigelt-2019-750ml\/","name":"Meinklang Graupert Zweigelt 2019","isPartOf":{"@id":"https:\/\/wein-werte.com\/de\/#website"},"primaryImageOfPage":{"@id":"https:\/\/wein-werte.com\/de\/produkt\/meinklang-graupert-zweigelt-2019-750ml\/#primaryimage"},"image":{"@id":"https:\/\/wein-werte.com\/de\/produkt\/meinklang-graupert-zweigelt-2019-750ml\/#primaryimage"},"thumbnailUrl":"https:\/\/wein-werte.com\/wp-content\/uploads\/2026\/04\/Meinklang-Graupert-Zweigelt-2019-750ml.png","datePublished":"2026-04-27T10:17:08+00:00","description":"Kaufe Meinklang Graupert Zweigelt 2019 (Zweigelt, trocken aus Burgenland\/Neusiedlersee, \u00d6sterreich) bei Wein Werte, Ihrem nachhaltigen Onlineshop.","breadcrumb":{"@id":"https:\/\/wein-werte.com\/de\/produkt\/meinklang-graupert-zweigelt-2019-750ml\/#breadcrumb"},"inLanguage":"de","potentialAction":[{"@type":"ReadAction","target":["https:\/\/wein-werte.com\/de\/produkt\/meinklang-graupert-zweigelt-2019-750ml\/"]}]},{"@type":"ImageObject","inLanguage":"de","@id":"https:\/\/wein-werte.com\/de\/produkt\/meinklang-graupert-zweigelt-2019-750ml\/#primaryimage","url":"https:\/\/wein-werte.com\/wp-content\/uploads\/2026\/04\/Meinklang-Graupert-Zweigelt-2019-750ml.png","contentUrl":"https:\/\/wein-werte.com\/wp-content\/uploads\/2026\/04\/Meinklang-Graupert-Zweigelt-2019-750ml.png","width":320,"height":1200,"caption":"Meinklang Graupert Zweigelt 2019 750ml"},{"@type":"BreadcrumbList","@id":"https:\/\/wein-werte.com\/de\/produkt\/meinklang-graupert-zweigelt-2019-750ml\/#breadcrumb","itemListElement":[{"@type":"ListItem","position":1,"name":"Home","item":"https:\/\/wein-werte.com\/de\/"},{"@type":"ListItem","position":2,"name":"Shop","item":"https:\/\/wein-werte.com\/de\/shop\/"},{"@type":"ListItem","position":3,"name":"Meinklang | Burgenland\/Neusiedlersee | Graupert Zweigelt | 2019 | 750ml | bio"}]},{"@type":"WebSite","@id":"https:\/\/wein-werte.com\/de\/#website","url":"https:\/\/wein-werte.com\/de\/","name":"Wein Werte","description":"","publisher":{"@id":"https:\/\/wein-werte.com\/de\/#organization"},"potentialAction":[{"@type":"SearchAction","target":{"@type":"EntryPoint","urlTemplate":"https:\/\/wein-werte.com\/de\/?s={search_term_string}"},"query-input":{"@type":"PropertyValueSpecification","valueRequired":true,"valueName":"search_term_string"}}],"inLanguage":"de"},{"@type":"Organization","@id":"https:\/\/wein-werte.com\/de\/#organization","name":"Vins Fins Thorrold","url":"https:\/\/wein-werte.com\/de\/","logo":{"@type":"ImageObject","inLanguage":"de","@id":"https:\/\/wein-werte.com\/de\/#\/schema\/logo\/image\/","url":"https:\/\/wein-werte.com\/wp-content\/uploads\/2023\/07\/Wein_werte_Logo700-1.png","contentUrl":"https:\/\/wein-werte.com\/wp-content\/uploads\/2023\/07\/Wein_werte_Logo700-1.png","width":700,"height":272,"caption":"Vins Fins Thorrold"},"image":{"@id":"https:\/\/wein-werte.com\/de\/#\/schema\/logo\/image\/"}}]}},"_links":{"self":[{"href":"https:\/\/wein-werte.com\/de\/wp-json\/wp\/v2\/product\/1125555","targetHints":{"allow":["GET"]}}],"collection":[{"href":"https:\/\/wein-werte.com\/de\/wp-json\/wp\/v2\/product"}],"about":[{"href":"https:\/\/wein-werte.com\/de\/wp-json\/wp\/v2\/types\/product"}],"wp:featuredmedia":[{"embeddable":true,"href":"https:\/\/wein-werte.com\/de\/wp-json\/wp\/v2\/media\/1137906"}],"wp:attachment":[{"href":"https:\/\/wein-werte.com\/de\/wp-json\/wp\/v2\/media?parent=1125555"}],"wp:term":[{"taxonomy":"product_brand","embeddable":true,"href":"https:\/\/wein-werte.com\/de\/wp-json\/wp\/v2\/product_brand?post=1125555"},{"taxonomy":"product_cat","embeddable":true,"href":"https:\/\/wein-werte.com\/de\/wp-json\/wp\/v2\/product_cat?post=1125555"},{"taxonomy":"product_tag","embeddable":true,"href":"https:\/\/wein-werte.com\/de\/wp-json\/wp\/v2\/product_tag?post=1125555"}],"curies":[{"name":"wp","href":"https:\/\/api.w.org\/{rel}","templated":true}]}}